{"id":1207,"date":"2021-06-15T13:34:50","date_gmt":"2021-06-15T13:34:50","guid":{"rendered":"https:\/\/www.hepic-hub.org\/sus-nosati\/"},"modified":"2023-01-19T12:16:23","modified_gmt":"2023-01-19T11:16:23","slug":"sus-nosati","status":"publish","type":"page","link":"https:\/\/www.hepic-hub.org\/oc\/sus-nosati\/","title":{"rendered":"Sus nosati"},"content":{"rendered":"\t\t<div data-elementor-type=\"wp-page\" data-elementor-id=\"1207\" class=\"elementor elementor-1207 elementor-378\" data-elementor-post-type=\"page\">\n\t\t\t\t\t\t<section class=\"has_eae_slider elementor-section elementor-top-section elementor-element elementor-element-51ca9cb elementor-section-boxed elementor-section-height-default elementor-section-height-default\" data-eae-slider=\"19671\" data-id=\"51ca9cb\" data-element_type=\"section\" data-e-type=\"section\">\n\t\t\t\t\t\t<div class=\"elementor-container elementor-column-gap-default\">\n\t\t\t\t\t<div class=\"has_eae_slider elementor-column elementor-col-100 elementor-top-column elementor-element elementor-element-f4872c7\" data-eae-slider=\"16955\" data-id=\"f4872c7\" data-element_type=\"column\" data-e-type=\"column\">\n\t\t\t<div class=\"elementor-widget-wrap elementor-element-populated\">\n\t\t\t\t\t\t<div class=\"elementor-element elementor-element-503cd24 elementor-widget elementor-widget-text-editor\" data-id=\"503cd24\" data-element_type=\"widget\" data-e-type=\"widget\" data-widget_type=\"text-editor.default\">\n\t\t\t\t<div class=\"elementor-widget-container\">\n\t\t\t\t\t\t\t\t\t<p>H\u00e8Pic ei eth Hub d\u2019innovacion entarra Val d\u2019Aran e es territ\u00f2ris ruraus de montanha. Se configure coma un ecosist\u00e8ma d\u2019innovacion especializat en m\u00e8di rurau e ent\u00e0s territ\u00f2ris de montanha. Ei impulsat peth Conselh Generau d\u2019Aran e n\u00e8ish a conseq\u00fc\u00e8ncia deth proc\u00e8s d\u2019innovacion e participacion sociau Aran Accion 2020-2030. H\u00e8Pic n\u00e8ish damb vocacion d\u2019\u00e8ster referent e trebalhar en hilat damb d&rsquo;autes iniciatives similares en m\u00e8di rurau, e d\u2019aguesta man\u00e8ra, \u00e8ster ua airina transformadora dera Val d\u2019Aran, des territ\u00f2ris de montanha e deth m\u00e8di rurau.<\/p><p>Eth prop\u00f2sit d\u2019aguest Hub ei era diversificacion deth mod\u00e8l economic des territ\u00f2ris de montanha a trau\u00e8s dera innovacion, creant oportunitats e retorn economic, a compdar des r\u00e8ptes actuaus. Coma per exemple, sense excludir d&rsquo;auti sectors, abordaram proj\u00e8ctes basadi ena innovacion toristica, es esp\u00f2rts, es servicis as persones, era agricultura e era ramaderia de montanha, era tecnologia e era energia.<\/p><p>Coma s\u2019organize H\u00e8Pic?<\/p><p>H\u00e8Pic, coma ecosist\u00e8ma d\u2019innovacion, int\u00e8gre toti es agents deth territ\u00f2ri. Ei per aqueth motiu que, d\u2019un costat, compde damb eth trebalh dera Administracion Publica, qu\u2019ei qui guide e coordine es proj\u00e8ctes de domeni public. Der aute, ent\u00e0 poder aufrir servicis concrets e que responen as besonhs d\u2019empreses e de persones emprenedores, compde damb eth trebalh dera <em>Associacion d\u2019Innovacion en Territ\u00f2ris de Montanha<\/em>.<\/p>\t\t\t\t\t\t\t\t<\/div>\n\t\t\t\t<\/div>\n\t\t\t\t<div class=\"elementor-element elementor-element-868c7fc elementor-widget elementor-widget-heading\" data-id=\"868c7fc\" data-element_type=\"widget\" data-e-type=\"widget\" data-widget_type=\"heading.default\">\n\t\t\t\t<div class=\"elementor-widget-container\">\n\t\t\t\t\t<h2 class=\"elementor-heading-title elementor-size-default\"><p style=\"font-size: 18px;text-align: left;, sans-serif;font-weight: 400;letter-spacing: -0.27px;white-space: normal\"><span style=\"font-weight: 700\">Coma se trebalhar\u00e0 en H\u00e8Pic?<\/span><\/p><span style=\", sans-serif;font-size: 18px;font-weight: 400;letter-spacing: -0.27px;white-space: normal\">A trau\u00e8s de 4 pilars:<\/span><\/h2>\t\t\t\t<\/div>\n\t\t\t\t<\/div>\n\t\t\t\t<section class=\"has_eae_slider elementor-section elementor-inner-section elementor-element elementor-element-f4f9877 elementor-section-boxed elementor-section-height-default elementor-section-height-default\" data-eae-slider=\"89241\" data-id=\"f4f9877\" data-element_type=\"section\" data-e-type=\"section\">\n\t\t\t\t\t\t<div class=\"elementor-container elementor-column-gap-no\">\n\t\t\t\t\t<div class=\"has_eae_slider elementor-column elementor-col-50 elementor-inner-column elementor-element elementor-element-c021dec\" data-eae-slider=\"9480\" data-id=\"c021dec\" data-element_type=\"column\" data-e-type=\"column\">\n\t\t\t<div class=\"elementor-widget-wrap elementor-element-populated\">\n\t\t\t\t\t\t<div class=\"elementor-element elementor-element-f62655e elementor-flip-box--effect-push elementor-widget__width-initial elementor-flip-box--direction-up elementor-widget elementor-widget-flip-box\" data-id=\"f62655e\" data-element_type=\"widget\" data-e-type=\"widget\" data-widget_type=\"flip-box.default\">\n\t\t\t\t<div class=\"elementor-widget-container\">\n\t\t\t\t\t\t\t<div class=\"elementor-flip-box\" tabindex=\"0\">\n\t\t\t<div class=\"elementor-flip-box__layer elementor-flip-box__front\">\n\t\t\t\t<div class=\"elementor-flip-box__layer__overlay\">\n\t\t\t\t\t<div class=\"elementor-flip-box__layer__inner\">\n\t\t\t\t\t\t\n\t\t\t\t\t\t\t\t\t\t\t\t\t<h3 class=\"elementor-flip-box__layer__title\">\n\t\t\t\t\t\t\t\tAGREGACION\t\t\t\t\t\t\t<\/h3>\n\t\t\t\t\t\t\n\t\t\t\t\t\t\t\t\t\t\t<\/div>\n\t\t\t\t<\/div>\n\t\t\t<\/div>\n\t\t\t<div class=\"elementor-flip-box__layer elementor-flip-box__back\">\n\t\t\t<div class=\"elementor-flip-box__layer__overlay\">\n\t\t\t\t<div class=\"elementor-flip-box__layer__inner\">\n\t\t\t\t\t\n\t\t\t\t\t\t\t\t\t\t\t<div class=\"elementor-flip-box__layer__description\">\n\t\t\t\t\t\t\tSe tracte d\u2019integrar a totes aqueres persones, administracions publiques, emprenedors, empreses consolidades, granes empreses, joeni damb inquietuds, grani damb experi\u00e9ncia, organizacions deth tresau sector a quinevolh que volgue incorporar-se e alinear-se damb eth prop\u00f2sit deth Hub.\t\t\t\t\t\t<\/div>\n\t\t\t\t\t\n\t\t\t\t\t\t\t\t<\/div>\n\t\t<\/div>\n\t\t<\/div>\n\t\t<\/div>\n\t\t\t\t\t\t<\/div>\n\t\t\t\t<\/div>\n\t\t\t\t<div class=\"elementor-element elementor-element-709de7d elementor-flip-box--effect-push elementor-widget__width-initial elementor-flip-box--direction-up elementor-widget elementor-widget-flip-box\" data-id=\"709de7d\" data-element_type=\"widget\" data-e-type=\"widget\" data-widget_type=\"flip-box.default\">\n\t\t\t\t<div class=\"elementor-widget-container\">\n\t\t\t\t\t\t\t<div class=\"elementor-flip-box\" tabindex=\"0\">\n\t\t\t<div class=\"elementor-flip-box__layer elementor-flip-box__front\">\n\t\t\t\t<div class=\"elementor-flip-box__layer__overlay\">\n\t\t\t\t\t<div class=\"elementor-flip-box__layer__inner\">\n\t\t\t\t\t\t\n\t\t\t\t\t\t\t\t\t\t\t\t\t<h3 class=\"elementor-flip-box__layer__title\">\n\t\t\t\t\t\t\t\tGENERACION\t\t\t\t\t\t\t<\/h3>\n\t\t\t\t\t\t\n\t\t\t\t\t\t\t\t\t\t\t<\/div>\n\t\t\t\t<\/div>\n\t\t\t<\/div>\n\t\t\t<div class=\"elementor-flip-box__layer elementor-flip-box__back\">\n\t\t\t<div class=\"elementor-flip-box__layer__overlay\">\n\t\t\t\t<div class=\"elementor-flip-box__layer__inner\">\n\t\t\t\t\t\n\t\t\t\t\t\t\t\t\t\t\t<div class=\"elementor-flip-box__layer__description\">\n\t\t\t\t\t\t\tSon es proc\u00e8ssi que sorgissen un viatge qu\u2019es persones e es organizacions an estat atengudes. Son imprevissibles e p\u00f2den \u00e8ster molt diu\u00e8rses entre eres. Toti es proc\u00e8ssi que sorgissen e s\u2019alinhen damb eth prop\u00f2sit deth Hub ser\u00e0n atengudi.\t\t\t\t\t\t<\/div>\n\t\t\t\t\t\n\t\t\t\t\t\t\t\t<\/div>\n\t\t<\/div>\n\t\t<\/div>\n\t\t<\/div>\n\t\t\t\t\t\t<\/div>\n\t\t\t\t<\/div>\n\t\t\t\t\t<\/div>\n\t\t<\/div>\n\t\t\t\t<div class=\"has_eae_slider elementor-column elementor-col-50 elementor-inner-column elementor-element elementor-element-d1707ad\" data-eae-slider=\"44204\" data-id=\"d1707ad\" data-element_type=\"column\" data-e-type=\"column\">\n\t\t\t<div class=\"elementor-widget-wrap elementor-element-populated\">\n\t\t\t\t\t\t<div class=\"elementor-element elementor-element-31e28a9 elementor-flip-box--effect-push elementor-widget__width-initial elementor-flip-box--direction-up elementor-widget elementor-widget-flip-box\" data-id=\"31e28a9\" data-element_type=\"widget\" data-e-type=\"widget\" data-widget_type=\"flip-box.default\">\n\t\t\t\t<div class=\"elementor-widget-container\">\n\t\t\t\t\t\t\t<div class=\"elementor-flip-box\" tabindex=\"0\">\n\t\t\t<div class=\"elementor-flip-box__layer elementor-flip-box__front\">\n\t\t\t\t<div class=\"elementor-flip-box__layer__overlay\">\n\t\t\t\t\t<div class=\"elementor-flip-box__layer__inner\">\n\t\t\t\t\t\t\n\t\t\t\t\t\t\t\t\t\t\t\t\t<h3 class=\"elementor-flip-box__layer__title\">\n\t\t\t\t\t\t\t\tFACILITACION\t\t\t\t\t\t\t<\/h3>\n\t\t\t\t\t\t\n\t\t\t\t\t\t\t\t\t\t\t<\/div>\n\t\t\t\t<\/div>\n\t\t\t<\/div>\n\t\t\t<div class=\"elementor-flip-box__layer elementor-flip-box__back\">\n\t\t\t<div class=\"elementor-flip-box__layer__overlay\">\n\t\t\t\t<div class=\"elementor-flip-box__layer__inner\">\n\t\t\t\t\t\n\t\t\t\t\t\t\t\t\t\t\t<div class=\"elementor-flip-box__layer__description\">\n\t\t\t\t\t\t\tProporcionam formacion, facilitacions d\u2019equipes, assessorament e cerca de finan\u00e7ament, e un hilat de contactes ent\u00e0 potenciar eth desvolopament dera sua idea o empresa. De un aute costat, tanben auem ara sua disposicion un espaci comun de trebalh enes n\u00f2stes installacions pla\u00e7ades en Vielha.\t\t\t\t\t\t<\/div>\n\t\t\t\t\t\n\t\t\t\t\t\t\t\t<\/div>\n\t\t<\/div>\n\t\t<\/div>\n\t\t<\/div>\n\t\t\t\t\t\t<\/div>\n\t\t\t\t<\/div>\n\t\t\t\t<div class=\"elementor-element elementor-element-81ab84f elementor-flip-box--effect-push elementor-widget__width-initial elementor-flip-box--direction-up elementor-widget elementor-widget-flip-box\" data-id=\"81ab84f\" data-element_type=\"widget\" data-e-type=\"widget\" data-widget_type=\"flip-box.default\">\n\t\t\t\t<div class=\"elementor-widget-container\">\n\t\t\t\t\t\t\t<div class=\"elementor-flip-box\" tabindex=\"0\">\n\t\t\t<div class=\"elementor-flip-box__layer elementor-flip-box__front\">\n\t\t\t\t<div class=\"elementor-flip-box__layer__overlay\">\n\t\t\t\t\t<div class=\"elementor-flip-box__layer__inner\">\n\t\t\t\t\t\t\n\t\t\t\t\t\t\t\t\t\t\t\t\t<h3 class=\"elementor-flip-box__layer__title\">\n\t\t\t\t\t\t\t\tCOMUNICACION\t\t\t\t\t\t\t<\/h3>\n\t\t\t\t\t\t\n\t\t\t\t\t\t\t\t\t\t\t<\/div>\n\t\t\t\t<\/div>\n\t\t\t<\/div>\n\t\t\t<div class=\"elementor-flip-box__layer elementor-flip-box__back\">\n\t\t\t<div class=\"elementor-flip-box__layer__overlay\">\n\t\t\t\t<div class=\"elementor-flip-box__layer__inner\">\n\t\t\t\t\t\n\t\t\t\t\t\t\t\t\t\t\t<div class=\"elementor-flip-box__layer__description\">\n\t\t\t\t\t\t\tEi era airina de connexion de tot er ecosist\u00e8ma sociau e empresariau damb era r\u00e8sta dera societat. Metent especiau atencion en aqueres persones, empreses, institucions, organizacions e recorsi que poguen \u00e8ster potenciaument utils en foncion deth sector empresariau concr\u00e8t.\t\t\t\t\t\t<\/div>\n\t\t\t\t\t\n\t\t\t\t\t\t\t\t<\/div>\n\t\t<\/div>\n\t\t<\/div>\n\t\t<\/div>\n\t\t\t\t\t\t<\/div>\n\t\t\t\t<\/div>\n\t\t\t\t\t<\/div>\n\t\t<\/div>\n\t\t\t\t\t<\/div>\n\t\t<\/section>\n\t\t\t\t<div class=\"elementor-element elementor-element-89dd47d elementor-tabs-alignment-stretch elementor-tabs-view-horizontal elementor-widget elementor-widget-tabs\" data-id=\"89dd47d\" data-element_type=\"widget\" data-e-type=\"widget\" data-widget_type=\"tabs.default\">\n\t\t\t\t<div class=\"elementor-widget-container\">\n\t\t\t\t\t\t\t<div class=\"elementor-tabs\">\n\t\t\t<div class=\"elementor-tabs-wrapper\" role=\"tablist\" >\n\t\t\t\t\t\t\t\t\t<div id=\"elementor-tab-title-1441\" class=\"elementor-tab-title elementor-tab-desktop-title\" aria-selected=\"true\" data-tab=\"1\" role=\"tab\" tabindex=\"0\" aria-controls=\"elementor-tab-content-1441\" aria-expanded=\"false\">Mission<\/div>\n\t\t\t\t\t\t\t\t\t<div id=\"elementor-tab-title-1442\" class=\"elementor-tab-title elementor-tab-desktop-title\" aria-selected=\"false\" data-tab=\"2\" role=\"tab\" tabindex=\"-1\" aria-controls=\"elementor-tab-content-1442\" aria-expanded=\"false\">Vision<\/div>\n\t\t\t\t\t\t\t\t\t<div id=\"elementor-tab-title-1443\" class=\"elementor-tab-title elementor-tab-desktop-title\" aria-selected=\"false\" data-tab=\"3\" role=\"tab\" tabindex=\"-1\" aria-controls=\"elementor-tab-content-1443\" aria-expanded=\"false\">Valors<\/div>\n\t\t\t\t\t\t\t<\/div>\n\t\t\t<div class=\"elementor-tabs-content-wrapper\" role=\"tablist\" aria-orientation=\"vertical\">\n\t\t\t\t\t\t\t\t\t<div class=\"elementor-tab-title elementor-tab-mobile-title\" aria-selected=\"true\" data-tab=\"1\" role=\"tab\" tabindex=\"0\" aria-controls=\"elementor-tab-content-1441\" aria-expanded=\"false\">Mission<\/div>\n\t\t\t\t\t<div id=\"elementor-tab-content-1441\" class=\"elementor-tab-content elementor-clearfix\" data-tab=\"1\" role=\"tabpanel\" aria-labelledby=\"elementor-tab-title-1441\" tabindex=\"0\" hidden=\"false\"><p>\u00c8m de montanha, \u00e8m ruraus, m\u00e8s non \u00e8m ua m\u00f2da o ua destinacion toristica, \u00e8m molt m\u00e8s. E per a\u00e7\u00f2 madeish, eth principau objectiu d\u2019H\u00e8Pic ei lutar contra era deslocalizacion, ei a d\u00edder, art\u00e9nher \u00e8ster competitius des des n\u00f2stes b\u00e8res e rem\u00f2tes montanhes, e era desestacionalizacion, en tot mantier eth n\u00f2ste desvolopament economic pendent tot er an.<\/p>\n<p>Ent\u00e0 art\u00e9nher aguesti r\u00e8ptes, des d\u2019H\u00e8Pic volem afavorir era construccion de naues empreses que ap\u00f2sten pera innovacion. E innovar implique trapar solucions naues e eficientes ent\u00e0 transformar quinsevolh sector o mercat. Tostemp damb crit\u00e8ris de sostenibilitat ent\u00e0 preservar er entorn que mos distingu\u00eds. Per tant, inculcant era cultura dera innovacion cercam generar ua major e melhor ocupacion en territ\u00f2ris de montanha e endrets ruraus.<\/p>\n<\/div>\n\t\t\t\t\t\t\t\t\t<div class=\"elementor-tab-title elementor-tab-mobile-title\" aria-selected=\"false\" data-tab=\"2\" role=\"tab\" tabindex=\"-1\" aria-controls=\"elementor-tab-content-1442\" aria-expanded=\"false\">Vision<\/div>\n\t\t\t\t\t<div id=\"elementor-tab-content-1442\" class=\"elementor-tab-content elementor-clearfix\" data-tab=\"2\" role=\"tabpanel\" aria-labelledby=\"elementor-tab-title-1442\" tabindex=\"0\" hidden=\"hidden\"><p>\u00c8m es prum\u00e8rs, m\u00e8s non volem \u00e8ster es unics. Mos encante compartir, e era n\u00f2sta major aspiracion ei convertir-mos en un centre de refer\u00e9ncia dera innovacion en territ\u00f2ris de montanha. Elaborant metodologies, productes e servicis damb basa tecnologica, mediambientau, sociau e culturau reprodusibles en territ\u00f2ris de caracteristiques similares<\/p>\n<p>\u00c8m molt conscienti dera valor qu\u2019a eth n\u00f2ste capitau naturau, uman e culturau. Trebalham ent\u00e0 conservar-lo e t\u00e0 qu\u2019es n\u00f2stes t\u00e8rres siguen un l\u00f2c fertil ent\u00e0 art\u00e9nher es s\u00f2nis, aspiracions e proj\u00e8ctes de quinsevolh qu\u2019ap\u00f2ste per innovar.<\/p>\n<\/div>\n\t\t\t\t\t\t\t\t\t<div class=\"elementor-tab-title elementor-tab-mobile-title\" aria-selected=\"false\" data-tab=\"3\" role=\"tab\" tabindex=\"-1\" aria-controls=\"elementor-tab-content-1443\" aria-expanded=\"false\">Valors<\/div>\n\t\t\t\t\t<div id=\"elementor-tab-content-1443\" class=\"elementor-tab-content elementor-clearfix\" data-tab=\"3\" role=\"tabpanel\" aria-labelledby=\"elementor-tab-title-1443\" tabindex=\"0\" hidden=\"hidden\"><ol>\n<li>Sostenibilitat<\/li>\n<li>Innovacion<\/li>\n<li>Responsabilitat<\/li>\n<li>Sociau e Mediambientau<\/li>\n<li>Resili\u00e9ncia<\/li>\n<li>Connectivitat<\/li>\n<\/ol>\n<\/div>\n\t\t\t\t\t\t\t<\/div>\n\t\t<\/div>\n\t\t\t\t\t\t<\/div>\n\t\t\t\t<\/div>\n\t\t\t\t\t<\/div>\n\t\t<\/div>\n\t\t\t\t\t<\/div>\n\t\t<\/section>\n\t\t\t\t<\/div>\n\t\t","protected":false},"excerpt":{"rendered":"<p>H\u00e8Pic ei eth Hub d\u2019innovacion entarra Val d\u2019Aran e es territ\u00f2ris ruraus de montanha. Se configure coma un ecosist\u00e8ma d\u2019innovacion especializat en m\u00e8di rurau e ent\u00e0s territ\u00f2ris de montanha. Ei&#8230;<\/p>\n","protected":false},"author":6,"featured_media":6194,"parent":0,"menu_order":0,"comment_status":"closed","ping_status":"closed","template":"","meta":{"inline_featured_image":false,"footnotes":""},"class_list":["post-1207","page","type-page","status-publish","has-post-thumbnail","hentry"],"_links":{"self":[{"href":"https:\/\/www.hepic-hub.org\/oc\/wp-json\/wp\/v2\/pages\/1207","targetHints":{"allow":["GET"]}}],"collection":[{"href":"https:\/\/www.hepic-hub.org\/oc\/wp-json\/wp\/v2\/pages"}],"about":[{"href":"https:\/\/www.hepic-hub.org\/oc\/wp-json\/wp\/v2\/types\/page"}],"author":[{"embeddable":true,"href":"https:\/\/www.hepic-hub.org\/oc\/wp-json\/wp\/v2\/users\/6"}],"replies":[{"embeddable":true,"href":"https:\/\/www.hepic-hub.org\/oc\/wp-json\/wp\/v2\/comments?post=1207"}],"version-history":[{"count":10,"href":"https:\/\/www.hepic-hub.org\/oc\/wp-json\/wp\/v2\/pages\/1207\/revisions"}],"predecessor-version":[{"id":2336,"href":"https:\/\/www.hepic-hub.org\/oc\/wp-json\/wp\/v2\/pages\/1207\/revisions\/2336"}],"wp:featuredmedia":[{"embeddable":true,"href":"https:\/\/www.hepic-hub.org\/oc\/wp-json\/wp\/v2\/media\/6194"}],"wp:attachment":[{"href":"https:\/\/www.hepic-hub.org\/oc\/wp-json\/wp\/v2\/media?parent=1207"}],"curies":[{"name":"wp","href":"https:\/\/api.w.org\/{rel}","templated":true}]}}