{"id":6107,"date":"2025-10-22T12:28:36","date_gmt":"2025-10-22T10:28:36","guid":{"rendered":"https:\/\/www.hepic-hub.org\/ovihuec-dat\/"},"modified":"2026-04-20T10:35:08","modified_gmt":"2026-04-20T08:35:08","slug":"ovihuec-dat","status":"publish","type":"page","link":"https:\/\/www.hepic-hub.org\/ca\/ovihuec-dat\/","title":{"rendered":"OVIHUEC.DAT"},"content":{"rendered":"\t\t<div data-elementor-type=\"wp-page\" data-elementor-id=\"6107\" class=\"elementor elementor-6107 elementor-5359\" data-elementor-post-type=\"page\">\n\t\t\t\t\t\t<section class=\"has_eae_slider elementor-section elementor-top-section elementor-element elementor-element-aa7749b elementor-section-full_width elementor-section-stretched elementor-hidden-mobile elementor-section-height-default elementor-section-height-default\" data-eae-slider=\"11447\" data-id=\"aa7749b\" data-element_type=\"section\" data-e-type=\"section\" data-settings=\"{&quot;stretch_section&quot;:&quot;section-stretched&quot;}\">\n\t\t\t\t\t\t<div class=\"elementor-container elementor-column-gap-default\">\n\t\t\t\t\t<div class=\"has_eae_slider elementor-column elementor-col-100 elementor-top-column elementor-element elementor-element-65e4af2 elementor-hidden-mobile\" data-eae-slider=\"91700\" data-id=\"65e4af2\" data-element_type=\"column\" data-e-type=\"column\" data-settings=\"{&quot;background_background&quot;:&quot;gradient&quot;}\">\n\t\t\t<div class=\"elementor-widget-wrap elementor-element-populated\">\n\t\t\t\t\t\t<div class=\"elementor-element elementor-element-e5c06c4 elementor-nav-menu__align-end elementor-widget__width-inherit elementor-nav-menu--dropdown-mobile elementor-hidden-mobile elementor-nav-menu__text-align-aside elementor-nav-menu--toggle elementor-nav-menu--burger elementor-widget elementor-widget-nav-menu\" data-id=\"e5c06c4\" data-element_type=\"widget\" data-e-type=\"widget\" data-settings=\"{&quot;layout&quot;:&quot;horizontal&quot;,&quot;submenu_icon&quot;:{&quot;value&quot;:&quot;&lt;i class=\\&quot;fas fa-caret-down\\&quot; aria-hidden=\\&quot;true\\&quot;&gt;&lt;\\\/i&gt;&quot;,&quot;library&quot;:&quot;fa-solid&quot;},&quot;toggle&quot;:&quot;burger&quot;}\" data-widget_type=\"nav-menu.default\">\n\t\t\t\t<div class=\"elementor-widget-container\">\n\t\t\t\t\t\t\t\t<nav aria-label=\"Men\u00fa\" class=\"elementor-nav-menu--main elementor-nav-menu__container elementor-nav-menu--layout-horizontal e--pointer-underline e--animation-fade\">\n\t\t\t\t<ul id=\"menu-1-e5c06c4\" class=\"elementor-nav-menu\"><li class=\"menu-item menu-item-type-custom menu-item-object-custom menu-item-5376\"><a href=\"#proyectovi\" class=\"elementor-item elementor-item-anchor\">El Proyecto<\/a><\/li>\n<li class=\"menu-item menu-item-type-custom menu-item-object-custom menu-item-5380\"><a href=\"#jornadasovi\" class=\"elementor-item elementor-item-anchor\">Jornadas Ovihuec.dat<\/a><\/li>\n<li class=\"menu-item menu-item-type-custom menu-item-object-custom menu-item-5381\"><a href=\"#objetivosovi\" class=\"elementor-item elementor-item-anchor\">Objetivos<\/a><\/li>\n<\/ul>\t\t\t<\/nav>\n\t\t\t\t\t<div class=\"elementor-menu-toggle\" role=\"button\" tabindex=\"0\" aria-label=\"Commuta el men\u00fa\" aria-expanded=\"false\">\n\t\t\t<i aria-hidden=\"true\" role=\"presentation\" class=\"elementor-menu-toggle__icon--open eicon-menu-bar\"><\/i><i aria-hidden=\"true\" role=\"presentation\" class=\"elementor-menu-toggle__icon--close eicon-close\"><\/i>\t\t<\/div>\n\t\t\t\t\t<nav class=\"elementor-nav-menu--dropdown elementor-nav-menu__container\" aria-hidden=\"true\">\n\t\t\t\t<ul id=\"menu-2-e5c06c4\" class=\"elementor-nav-menu\"><li class=\"menu-item menu-item-type-custom menu-item-object-custom menu-item-5376\"><a href=\"#proyectovi\" class=\"elementor-item elementor-item-anchor\" tabindex=\"-1\">El Proyecto<\/a><\/li>\n<li class=\"menu-item menu-item-type-custom menu-item-object-custom menu-item-5380\"><a href=\"#jornadasovi\" class=\"elementor-item elementor-item-anchor\" tabindex=\"-1\">Jornadas Ovihuec.dat<\/a><\/li>\n<li class=\"menu-item menu-item-type-custom menu-item-object-custom menu-item-5381\"><a href=\"#objetivosovi\" class=\"elementor-item elementor-item-anchor\" tabindex=\"-1\">Objetivos<\/a><\/li>\n<\/ul>\t\t\t<\/nav>\n\t\t\t\t\t\t<\/div>\n\t\t\t\t<\/div>\n\t\t\t\t\t<\/div>\n\t\t<\/div>\n\t\t\t\t\t<\/div>\n\t\t<\/section>\n\t\t\t\t<section class=\"has_eae_slider elementor-section elementor-top-section elementor-element elementor-element-4a0e043 elementor-section-full_width elementor-section-stretched elementor-hidden-desktop elementor-hidden-tablet elementor-section-height-default elementor-section-height-default\" data-eae-slider=\"88079\" data-id=\"4a0e043\" data-element_type=\"section\" data-e-type=\"section\" data-settings=\"{&quot;stretch_section&quot;:&quot;section-stretched&quot;}\">\n\t\t\t\t\t\t<div class=\"elementor-container elementor-column-gap-default\">\n\t\t\t\t\t<div class=\"has_eae_slider elementor-column elementor-col-100 elementor-top-column elementor-element elementor-element-048858e elementor-hidden-desktop elementor-hidden-tablet\" data-eae-slider=\"76615\" data-id=\"048858e\" data-element_type=\"column\" data-e-type=\"column\" data-settings=\"{&quot;background_background&quot;:&quot;gradient&quot;}\">\n\t\t\t<div class=\"elementor-widget-wrap elementor-element-populated\">\n\t\t\t\t\t\t<div class=\"elementor-element elementor-element-6ed9a64 elementor-nav-menu__align-end elementor-widget__width-inherit elementor-nav-menu--dropdown-mobile elementor-hidden-mobile elementor-nav-menu__text-align-aside elementor-nav-menu--toggle elementor-nav-menu--burger elementor-widget elementor-widget-nav-menu\" data-id=\"6ed9a64\" data-element_type=\"widget\" data-e-type=\"widget\" data-settings=\"{&quot;layout&quot;:&quot;horizontal&quot;,&quot;submenu_icon&quot;:{&quot;value&quot;:&quot;&lt;i class=\\&quot;fas fa-caret-down\\&quot; aria-hidden=\\&quot;true\\&quot;&gt;&lt;\\\/i&gt;&quot;,&quot;library&quot;:&quot;fa-solid&quot;},&quot;toggle&quot;:&quot;burger&quot;}\" data-widget_type=\"nav-menu.default\">\n\t\t\t\t<div class=\"elementor-widget-container\">\n\t\t\t\t\t\t\t\t<nav aria-label=\"Men\u00fa\" class=\"elementor-nav-menu--main elementor-nav-menu__container elementor-nav-menu--layout-horizontal e--pointer-underline e--animation-fade\">\n\t\t\t\t<ul id=\"menu-1-6ed9a64\" class=\"elementor-nav-menu\"><li class=\"menu-item menu-item-type-custom menu-item-object-custom menu-item-5376\"><a href=\"#proyectovi\" class=\"elementor-item elementor-item-anchor\">El Proyecto<\/a><\/li>\n<li class=\"menu-item menu-item-type-custom menu-item-object-custom menu-item-5380\"><a href=\"#jornadasovi\" class=\"elementor-item elementor-item-anchor\">Jornadas Ovihuec.dat<\/a><\/li>\n<li class=\"menu-item menu-item-type-custom menu-item-object-custom menu-item-5381\"><a href=\"#objetivosovi\" class=\"elementor-item elementor-item-anchor\">Objetivos<\/a><\/li>\n<\/ul>\t\t\t<\/nav>\n\t\t\t\t\t<div class=\"elementor-menu-toggle\" role=\"button\" tabindex=\"0\" aria-label=\"Commuta el men\u00fa\" aria-expanded=\"false\">\n\t\t\t<i aria-hidden=\"true\" role=\"presentation\" class=\"elementor-menu-toggle__icon--open eicon-menu-bar\"><\/i><i aria-hidden=\"true\" role=\"presentation\" class=\"elementor-menu-toggle__icon--close eicon-close\"><\/i>\t\t<\/div>\n\t\t\t\t\t<nav class=\"elementor-nav-menu--dropdown elementor-nav-menu__container\" aria-hidden=\"true\">\n\t\t\t\t<ul id=\"menu-2-6ed9a64\" class=\"elementor-nav-menu\"><li class=\"menu-item menu-item-type-custom menu-item-object-custom menu-item-5376\"><a href=\"#proyectovi\" class=\"elementor-item elementor-item-anchor\" tabindex=\"-1\">El Proyecto<\/a><\/li>\n<li class=\"menu-item menu-item-type-custom menu-item-object-custom menu-item-5380\"><a href=\"#jornadasovi\" class=\"elementor-item elementor-item-anchor\" tabindex=\"-1\">Jornadas Ovihuec.dat<\/a><\/li>\n<li class=\"menu-item menu-item-type-custom menu-item-object-custom menu-item-5381\"><a href=\"#objetivosovi\" class=\"elementor-item elementor-item-anchor\" tabindex=\"-1\">Objetivos<\/a><\/li>\n<\/ul>\t\t\t<\/nav>\n\t\t\t\t\t\t<\/div>\n\t\t\t\t<\/div>\n\t\t\t\t\t<\/div>\n\t\t<\/div>\n\t\t\t\t\t<\/div>\n\t\t<\/section>\n\t\t\t\t<section class=\"has_eae_slider elementor-section elementor-top-section elementor-element elementor-element-3983363 elementor-section-full_width elementor-section-stretched elementor-section-height-default elementor-section-height-default\" data-eae-slider=\"94104\" data-id=\"3983363\" data-element_type=\"section\" data-e-type=\"section\" data-settings=\"{&quot;stretch_section&quot;:&quot;section-stretched&quot;}\">\n\t\t\t\t\t\t<div class=\"elementor-container elementor-column-gap-default\">\n\t\t\t\t\t<div class=\"has_eae_slider elementor-column elementor-col-100 elementor-top-column elementor-element elementor-element-b3f13c3\" data-eae-slider=\"59301\" data-id=\"b3f13c3\" data-element_type=\"column\" data-e-type=\"column\">\n\t\t\t<div class=\"elementor-widget-wrap elementor-element-populated\">\n\t\t\t\t\t\t<div class=\"elementor-element elementor-element-443a6f4 elementor-widget elementor-widget-image\" data-id=\"443a6f4\" data-element_type=\"widget\" data-e-type=\"widget\" data-widget_type=\"image.default\">\n\t\t\t\t<div class=\"elementor-widget-container\">\n\t\t\t\t\t\t\t\t\t\t\t\t\t\t\t<img fetchpriority=\"high\" decoding=\"async\" width=\"3200\" height=\"1167\" src=\"https:\/\/www.hepic-hub.org\/wp-content\/uploads\/2025\/06\/Ovihuec-26.jpg\" class=\"attachment-full size-full wp-image-5355\" alt=\"\" srcset=\"https:\/\/www.hepic-hub.org\/wp-content\/uploads\/2025\/06\/Ovihuec-26.jpg 3200w, https:\/\/www.hepic-hub.org\/wp-content\/uploads\/2025\/06\/Ovihuec-26-300x109.jpg 300w, https:\/\/www.hepic-hub.org\/wp-content\/uploads\/2025\/06\/Ovihuec-26-1024x373.jpg 1024w, https:\/\/www.hepic-hub.org\/wp-content\/uploads\/2025\/06\/Ovihuec-26-768x280.jpg 768w, https:\/\/www.hepic-hub.org\/wp-content\/uploads\/2025\/06\/Ovihuec-26-1536x560.jpg 1536w, https:\/\/www.hepic-hub.org\/wp-content\/uploads\/2025\/06\/Ovihuec-26-2048x747.jpg 2048w, https:\/\/www.hepic-hub.org\/wp-content\/uploads\/2025\/06\/Ovihuec-26-1200x438.jpg 1200w, https:\/\/www.hepic-hub.org\/wp-content\/uploads\/2025\/06\/Ovihuec-26-1980x722.jpg 1980w\" sizes=\"(max-width: 3200px) 100vw, 3200px\" \/>\t\t\t\t\t\t\t\t\t\t\t\t\t\t\t<\/div>\n\t\t\t\t<\/div>\n\t\t\t\t\t<\/div>\n\t\t<\/div>\n\t\t\t\t\t<\/div>\n\t\t<\/section>\n\t\t\t\t<section class=\"has_eae_slider elementor-section elementor-top-section elementor-element elementor-element-fdb2803 elementor-section-stretched elementor-section-full_width elementor-section-height-default elementor-section-height-default\" data-eae-slider=\"51906\" data-id=\"fdb2803\" data-element_type=\"section\" data-e-type=\"section\" data-settings=\"{&quot;stretch_section&quot;:&quot;section-stretched&quot;}\">\n\t\t\t\t\t\t<div class=\"elementor-container elementor-column-gap-default\">\n\t\t\t\t\t<div class=\"has_eae_slider elementor-column elementor-col-100 elementor-top-column elementor-element elementor-element-2d71ffd\" data-eae-slider=\"43378\" data-id=\"2d71ffd\" data-element_type=\"column\" data-e-type=\"column\">\n\t\t\t<div class=\"elementor-widget-wrap elementor-element-populated\">\n\t\t\t\t\t\t<div class=\"elementor-element elementor-element-4af3713 elementor-widget elementor-widget-heading\" data-id=\"4af3713\" data-element_type=\"widget\" data-e-type=\"widget\" data-widget_type=\"heading.default\">\n\t\t\t\t<div class=\"elementor-widget-container\">\n\t\t\t\t\t<h5 class=\"elementor-heading-title elementor-size-default\">EL PROJECTE<\/h5>\t\t\t\t<\/div>\n\t\t\t\t<\/div>\n\t\t\t\t<div class=\"elementor-element elementor-element-fcb5441 elementor-widget elementor-widget-menu-anchor\" data-id=\"fcb5441\" data-element_type=\"widget\" data-e-type=\"widget\" data-widget_type=\"menu-anchor.default\">\n\t\t\t\t<div class=\"elementor-widget-container\">\n\t\t\t\t\t\t\t<div class=\"elementor-menu-anchor\" id=\"proyectovi\"><\/div>\n\t\t\t\t\t\t<\/div>\n\t\t\t\t<\/div>\n\t\t\t\t\t<\/div>\n\t\t<\/div>\n\t\t\t\t\t<\/div>\n\t\t<\/section>\n\t\t\t\t<section class=\"has_eae_slider elementor-section elementor-top-section elementor-element elementor-element-8221050 elementor-section-full_width elementor-section-height-default elementor-section-height-default\" data-eae-slider=\"65351\" data-id=\"8221050\" data-element_type=\"section\" data-e-type=\"section\">\n\t\t\t\t\t\t<div class=\"elementor-container elementor-column-gap-default\">\n\t\t\t\t\t<div class=\"has_eae_slider elementor-column elementor-col-100 elementor-top-column elementor-element elementor-element-76bea38\" data-eae-slider=\"29567\" data-id=\"76bea38\" data-element_type=\"column\" data-e-type=\"column\">\n\t\t\t<div class=\"elementor-widget-wrap elementor-element-populated\">\n\t\t\t\t\t\t<section class=\"has_eae_slider elementor-section elementor-inner-section elementor-element elementor-element-fad73fc elementor-section-full_width elementor-section-height-default elementor-section-height-default\" data-eae-slider=\"95312\" data-id=\"fad73fc\" data-element_type=\"section\" data-e-type=\"section\">\n\t\t\t\t\t\t<div class=\"elementor-container elementor-column-gap-default\">\n\t\t\t\t\t<div class=\"has_eae_slider elementor-column elementor-col-50 elementor-inner-column elementor-element elementor-element-fb89127\" data-eae-slider=\"73801\" data-id=\"fb89127\" data-element_type=\"column\" data-e-type=\"column\">\n\t\t\t<div class=\"elementor-widget-wrap elementor-element-populated\">\n\t\t\t\t\t\t<div class=\"elementor-element elementor-element-3b5c3eb elementor-widget elementor-widget-text-editor\" data-id=\"3b5c3eb\" data-element_type=\"widget\" data-e-type=\"widget\" data-widget_type=\"text-editor.default\">\n\t\t\t\t<div class=\"elementor-widget-container\">\n\t\t\t\t\t\t\t\t\t<p>Ovihuec \u00e9s un projecte pilot innovador que t\u00e9 com a prop\u00f2sit transformar la <b>gesti\u00f3 dels paisatges a trav\u00e9s de la creaci\u00f3 d&#8217;una ramat ov\u00ed i capr\u00ed de titularitat p\u00fablica a Vilam\u00f2s<\/b> (Val d&#8217;Aran) integrant ramaderia, tecnologia i sostenibilitat per a fer front al <b>risc d&#8217;incendis i estudiar l&#8217;impacte de la ramaderia extensiva en l&#8217;ecosistema.<\/b><\/p>\t\t\t\t\t\t\t\t<\/div>\n\t\t\t\t<\/div>\n\t\t\t\t<div class=\"elementor-element elementor-element-58bf13b elementor-widget elementor-widget-text-editor\" data-id=\"58bf13b\" data-element_type=\"widget\" data-e-type=\"widget\" data-widget_type=\"text-editor.default\">\n\t\t\t\t<div class=\"elementor-widget-container\">\n\t\t\t\t\t\t\t\t\t<p>La Val d&#8217;Aran, aix\u00ed com tant<b>s altres valls de muntanya, ha estat experimentat una dr\u00e0stica disminuci\u00f3 de l&#8217;activitat agr\u00edcola i ramadera<\/b> per causa de l&#8217;increment del <b>sector tur\u00edstic i dels reptes<\/b> associats a l&#8217;activitat com: <b>les llargues jornades, l&#8217;exig\u00e8ncia f\u00edsica, la tramitaci\u00f3 burocr\u00e0tica i l&#8217;escassa disponibilitat de temps lliure<\/b>, provocat que cada vegada menys joves optin per dedicar-se a aquesta labor.<\/p>\t\t\t\t\t\t\t\t<\/div>\n\t\t\t\t<\/div>\n\t\t\t\t<div class=\"elementor-element elementor-element-3d6567a elementor-widget elementor-widget-text-editor\" data-id=\"3d6567a\" data-element_type=\"widget\" data-e-type=\"widget\" data-widget_type=\"text-editor.default\">\n\t\t\t\t<div class=\"elementor-widget-container\">\n\t\t\t\t\t\t\t\t\t<p>Como resultado, se ha producido una intensa modificaci\u00f3n del paisaje dando lugar a la <b>sustituci\u00f3n de los pastos<\/b> de los reba\u00f1os <b>por exceso de masa arb\u00f3rea,<\/b> que est\u00e1 originando:<\/p><ul><li><p>P\u00e8rdua de biodiversitat<\/p><\/li><li><p>Homogene\u00eftzaci\u00f3 del paisatge<\/p><\/li><li><p>Acumulaci\u00f3 de combustible vegetal<\/p><\/li><li><p>Increment del risc de grans incendis<\/p><\/li><\/ul>\t\t\t\t\t\t\t\t<\/div>\n\t\t\t\t<\/div>\n\t\t\t\t\t<\/div>\n\t\t<\/div>\n\t\t\t\t<div class=\"has_eae_slider elementor-column elementor-col-50 elementor-inner-column elementor-element elementor-element-86518e9\" data-eae-slider=\"55252\" data-id=\"86518e9\" data-element_type=\"column\" data-e-type=\"column\">\n\t\t\t<div class=\"elementor-widget-wrap elementor-element-populated\">\n\t\t\t\t\t\t<div class=\"elementor-element elementor-element-2024707 elementor-widget elementor-widget-text-editor\" data-id=\"2024707\" data-element_type=\"widget\" data-e-type=\"widget\" data-widget_type=\"text-editor.default\">\n\t\t\t\t<div class=\"elementor-widget-container\">\n\t\t\t\t\t\t\t\t\t<p>Davant d&#8217;aquesta situaci\u00f3, H\u00e8Pic del Conselh Generau i l&#8217;Ajuntament de Vilam\u00f2s, van impulsar el projecte OVIHUEC.DAT amb el suport de quatre centres tecnol\u00f2gics i cient\u00edfics: IRTA, CREDA, CTFC i CTIC i el finan\u00e7ament de la Fundaci\u00f3 Biodiversitat i el Ministeri de Transici\u00f3 Ecol\u00f2gica i Repte Demogr\u00e0fic (MITECO) per a:<\/p>\t\t\t\t\t\t\t\t<\/div>\n\t\t\t\t<\/div>\n\t\t\t\t<div class=\"elementor-element elementor-element-fce1b16 elementor-widget elementor-widget-text-editor\" data-id=\"fce1b16\" data-element_type=\"widget\" data-e-type=\"widget\" data-widget_type=\"text-editor.default\">\n\t\t\t\t<div class=\"elementor-widget-container\">\n\t\t\t\t\t\t\t\t\t<div class=\"fila\"><img decoding=\"async\" src=\"https:\/\/www.hepic-hub.org\/wp-content\/uploads\/2025\/06\/Iconos-Ovihuec-01.png\" alt=\"\" data-wp-editing=\"1\"><strong>Recuperar les pastures<\/strong><\/div>\t\t\t\t\t\t\t\t<\/div>\n\t\t\t\t<\/div>\n\t\t\t\t<div class=\"elementor-element elementor-element-0d224d5 elementor-widget elementor-widget-text-editor\" data-id=\"0d224d5\" data-element_type=\"widget\" data-e-type=\"widget\" data-widget_type=\"text-editor.default\">\n\t\t\t\t<div class=\"elementor-widget-container\">\n\t\t\t\t\t\t\t\t\t<div class=\"fila\">\n\n<img decoding=\"async\" src=\"https:\/\/www.hepic-hub.org\/wp-content\/uploads\/2025\/06\/Iconos-Ovihuec-04.png\" alt=\"\">\n\n<b>Reduir el perill de propagaci\u00f3 dincendis<\/b>\n\n<\/div>\t\t\t\t\t\t\t\t<\/div>\n\t\t\t\t<\/div>\n\t\t\t\t<div class=\"elementor-element elementor-element-29f2bc7 elementor-widget elementor-widget-text-editor\" data-id=\"29f2bc7\" data-element_type=\"widget\" data-e-type=\"widget\" data-widget_type=\"text-editor.default\">\n\t\t\t\t<div class=\"elementor-widget-container\">\n\t\t\t\t\t\t\t\t\t<div class=\"fila\">\n\n<img decoding=\"async\" src=\"https:\/\/www.hepic-hub.org\/wp-content\/uploads\/2025\/06\/Iconos-Ovihuec-02.png\" alt=\"\">\n\n<p><strong>Incorporar tecnologies de gesti\u00f3 dels ramats<\/strong> per facilitar el dia a dia dels pastors\/ores.<\/p>\n\n<\/div>\t\t\t\t\t\t\t\t<\/div>\n\t\t\t\t<\/div>\n\t\t\t\t<div class=\"elementor-element elementor-element-08cdf78 elementor-widget elementor-widget-text-editor\" data-id=\"08cdf78\" data-element_type=\"widget\" data-e-type=\"widget\" data-widget_type=\"text-editor.default\">\n\t\t\t\t<div class=\"elementor-widget-container\">\n\t\t\t\t\t\t\t\t\t<div class=\"fila\">\n<img decoding=\"async\" src=\"https:\/\/www.hepic-hub.org\/wp-content\/uploads\/2025\/06\/Iconos-Ovihuec-05.png\" alt=\"\"> <p>Aprofitar els recursos <b>posant en valor els productes derivats dels animals,<\/b>\n principalment la carn i els productes l\u00e0ctics, per impulsar leconomia local.<\/p>\n\n<\/div>\t\t\t\t\t\t\t\t<\/div>\n\t\t\t\t<\/div>\n\t\t\t\t<div class=\"elementor-element elementor-element-ebc7bc1 elementor-widget elementor-widget-text-editor\" data-id=\"ebc7bc1\" data-element_type=\"widget\" data-e-type=\"widget\" data-widget_type=\"text-editor.default\">\n\t\t\t\t<div class=\"elementor-widget-container\">\n\t\t\t\t\t\t\t\t\t<div class=\"fila\">\n\n<img decoding=\"async\" src=\"https:\/\/www.hepic-hub.org\/wp-content\/uploads\/2025\/06\/Iconos-Ovihuec-09.png\" alt=\"\">\n\n<p><b>Estudiar les dades cient\u00edfiques<\/b> per analitzar els beneficis de la ramaderia extensiva a l&#8217;entorn.<\/p>\n\n<\/div>\t\t\t\t\t\t\t\t<\/div>\n\t\t\t\t<\/div>\n\t\t\t\t<div class=\"elementor-element elementor-element-4d6a832 elementor-widget elementor-widget-text-editor\" data-id=\"4d6a832\" data-element_type=\"widget\" data-e-type=\"widget\" data-widget_type=\"text-editor.default\">\n\t\t\t\t<div class=\"elementor-widget-container\">\n\t\t\t\t\t\t\t\t\t<div class=\"fila\">\n\n<img decoding=\"async\" src=\"https:\/\/www.hepic-hub.org\/wp-content\/uploads\/2025\/06\/Iconos-Ovihuec-06.png\" alt=\"\">\n\n<p>Desenvolupa un <b>model<\/b> que sigui <b>reprodu\u00efble<\/b> en zones amb <b>problem\u00e0tiques similars<\/b> .<\/p>\n\n<\/div>\t\t\t\t\t\t\t\t<\/div>\n\t\t\t\t<\/div>\n\t\t\t\t\t<\/div>\n\t\t<\/div>\n\t\t\t\t\t<\/div>\n\t\t<\/section>\n\t\t\t\t\t<\/div>\n\t\t<\/div>\n\t\t\t\t\t<\/div>\n\t\t<\/section>\n\t\t\t\t<section class=\"has_eae_slider elementor-section elementor-top-section elementor-element elementor-element-a1cf352 elementor-section-full_width elementor-section-stretched elementor-section-height-default elementor-section-height-default\" data-eae-slider=\"90250\" data-id=\"a1cf352\" data-element_type=\"section\" data-e-type=\"section\" data-settings=\"{&quot;stretch_section&quot;:&quot;section-stretched&quot;,&quot;background_background&quot;:&quot;classic&quot;}\">\n\t\t\t\t\t\t<div class=\"elementor-container elementor-column-gap-default\">\n\t\t\t\t\t<div class=\"has_eae_slider elementor-column elementor-col-100 elementor-top-column elementor-element elementor-element-e2c2084\" data-eae-slider=\"96559\" data-id=\"e2c2084\" data-element_type=\"column\" data-e-type=\"column\" data-settings=\"{&quot;background_background&quot;:&quot;classic&quot;}\">\n\t\t\t<div class=\"elementor-widget-wrap\">\n\t\t\t\t\t\t\t<\/div>\n\t\t<\/div>\n\t\t\t\t\t<\/div>\n\t\t<\/section>\n\t\t\t\t<section class=\"has_eae_slider elementor-section elementor-top-section elementor-element elementor-element-8c990fc elementor-section-stretched elementor-hidden-desktop elementor-hidden-tablet elementor-hidden-mobile elementor-section-boxed elementor-section-height-default elementor-section-height-default\" data-eae-slider=\"9439\" data-id=\"8c990fc\" data-element_type=\"section\" data-e-type=\"section\" data-settings=\"{&quot;stretch_section&quot;:&quot;section-stretched&quot;,&quot;background_background&quot;:&quot;classic&quot;}\">\n\t\t\t\t\t\t<div class=\"elementor-container elementor-column-gap-default\">\n\t\t\t\t\t<div class=\"has_eae_slider elementor-column elementor-col-100 elementor-top-column elementor-element elementor-element-02db665\" data-eae-slider=\"66311\" data-id=\"02db665\" data-element_type=\"column\" data-e-type=\"column\">\n\t\t\t<div class=\"elementor-widget-wrap elementor-element-populated\">\n\t\t\t\t\t\t<div class=\"elementor-element elementor-element-3da449d elementor-widget elementor-widget-menu-anchor\" data-id=\"3da449d\" data-element_type=\"widget\" data-e-type=\"widget\" data-widget_type=\"menu-anchor.default\">\n\t\t\t\t<div class=\"elementor-widget-container\">\n\t\t\t\t\t\t\t<div class=\"elementor-menu-anchor\" id=\"jornadesovi\"><\/div>\n\t\t\t\t\t\t<\/div>\n\t\t\t\t<\/div>\n\t\t\t\t<div class=\"elementor-element elementor-element-442d028 elementor-widget elementor-widget-heading\" data-id=\"442d028\" data-element_type=\"widget\" data-e-type=\"widget\" data-widget_type=\"heading.default\">\n\t\t\t\t<div class=\"elementor-widget-container\">\n\t\t\t\t\t<h5 class=\"elementor-heading-title elementor-size-default\">Jornada t\u00e8cnica:<\/h5>\t\t\t\t<\/div>\n\t\t\t\t<\/div>\n\t\t\t\t<div class=\"elementor-element elementor-element-278a170 elementor-align-center elementor-widget elementor-widget-button\" data-id=\"278a170\" data-element_type=\"widget\" data-e-type=\"widget\" data-widget_type=\"button.default\">\n\t\t\t\t<div class=\"elementor-widget-container\">\n\t\t\t\t\t\t\t\t\t<div class=\"elementor-button-wrapper\">\n\t\t\t\t\t<a class=\"elementor-button elementor-button-link elementor-size-sm\" href=\"https:\/\/www.hepic-hub.org\/wp-content\/uploads\/2025\/06\/PROGRAMA-OVIHUEC_ES.pdf\" target=\"_blank\">\n\t\t\t\t\t\t<span class=\"elementor-button-content-wrapper\">\n\t\t\t\t\t\t\t\t\t<span class=\"elementor-button-text\">DESCARREGA EL PROGRAMA<\/span>\n\t\t\t\t\t<\/span>\n\t\t\t\t\t<\/a>\n\t\t\t\t<\/div>\n\t\t\t\t\t\t\t\t<\/div>\n\t\t\t\t<\/div>\n\t\t\t\t<div class=\"elementor-element elementor-element-d812224 elementor-widget elementor-widget-accordion\" data-id=\"d812224\" data-element_type=\"widget\" data-e-type=\"widget\" data-widget_type=\"accordion.default\">\n\t\t\t\t<div class=\"elementor-widget-container\">\n\t\t\t\t\t\t\t<div class=\"elementor-accordion\">\n\t\t\t\t\t\t\t<div class=\"elementor-accordion-item\">\n\t\t\t\t\t<div id=\"elementor-tab-title-2261\" class=\"elementor-tab-title\" data-tab=\"1\" role=\"button\" aria-controls=\"elementor-tab-content-2261\" aria-expanded=\"false\">\n\t\t\t\t\t\t\t\t\t\t\t\t\t<span class=\"elementor-accordion-icon elementor-accordion-icon-left\" aria-hidden=\"true\">\n\t\t\t\t\t\t\t\t\t\t\t\t\t\t\t<span class=\"elementor-accordion-icon-closed\"><i class=\"fas fa-plus\"><\/i><\/span>\n\t\t\t\t\t\t\t\t<span class=\"elementor-accordion-icon-opened\"><i class=\"fas fa-minus\"><\/i><\/span>\n\t\t\t\t\t\t\t\t\t\t\t\t\t\t<\/span>\n\t\t\t\t\t\t\t\t\t\t\t\t<a class=\"elementor-accordion-title\" tabindex=\"0\">PROGRAMA DE LA JORNADA T\u00c8CNICA - DIVENDRES 18 DE JULIOL<\/a>\n\t\t\t\t\t<\/div>\n\t\t\t\t\t<div id=\"elementor-tab-content-2261\" class=\"elementor-tab-content elementor-clearfix\" data-tab=\"1\" role=\"region\" aria-labelledby=\"elementor-tab-title-2261\"><p><script><span data-mce-type=\"bookmark\" style=\"display: inline-block; width: 0px; overflow: hidden; line-height: 0;\" class=\"mce_SELRES_start\"\/>\njQuery(document).ready(function($) {\nvar delay = 100; setTimeout(function() {\n$('.elementor-tab-title').removeClass('elementor-active');\n $('.elementor-tab-content').css('display', 'none'); }, delay);\n});\n<\/script><span style=\"text-decoration: underline; color: #fbc53c;\"><strong>MAT\u00cd-VILAM\u00d2S<\/strong><\/span><\/p>\n<p><i>Ubicaci\u00f3: Sala social de Vilam\u00f2s, Val d&#8217;Aran<\/i><\/p>\n<ul>\n<li><i>9:00 h<\/i> \u2013 Benvinguda Institucional.<\/li>\n<li><i>9:15 h<\/i> &#8211; <b>\u201cGesti\u00f3 dels ramats a Somiedo\u201d,<\/b> Belarmino Fern\u00e1ndez, alcalde de Somiedo.<\/li>\n<li><i>9:50 h<\/i> &#8211; <b>\u201cTraspassos familiars\u201d,<\/b><i> <\/i>Laia Batalla i Mar\u00eda D\u00edaz, Escola de Pastors i Pastores de Catalunya.<\/li>\n<li><i>10.20 h<\/i> &#8211; <b>\u201cL&#8217;experi\u00e8ncia dels espais TEST\u201d,<\/b><i> <\/i>Marta Urtasun de Dinamitza Zunbelth<\/li>\n<li><i>10.50 h<\/i> &#8211; <i>Coffee break<\/i><\/li>\n<li><i>11:20 h &#8211;<\/i> <b>Taula Rodona:<\/b> <i><b>\u201cLes escoles de pastors com a eines de relleu generacional\u201d<\/b><\/i> <i>,<\/i> representants de les escoles catalanes, aragoneses i basques.<\/li>\n<li><i>12.20 h &#8211;<\/i> <b>&#8220;\u00das tecnol\u00f2gic del control de ramats d&#8217;alta muntanya&#8221;,<\/b> Roger Vidal, investigador de l&#8217;IRTA i Guillem Piris, cap d&#8217;innovaci\u00f3 del Conselh Generau d&#8217;Aran.<\/li>\n<li><i>12:50 h<\/i> &#8211; <b>\u201cManejo adaptatiu dels ramats: innovaci\u00f3 i tradici\u00f3 davant del canvi clim\u00e0tic\u201d,<\/b> Pati Jim\u00e9nez, Fundaci\u00f3 Entretantos.<\/li>\n<li><i>13.30 h &#8211;<\/i> Dinar de <i>networking.<\/i><\/li>\n<li><i>15:00 h<\/i> &#8211; <b>Visita al ramat, la granja i els entorns.<\/b><\/li>\n<li><i>15.45 h<\/i> &#8211; <b>Visita guiada a l&#8217;Ecomuseu \u00c7\u00f2 de Joanquichet.<\/b><\/li>\n<\/ul>\n<p><strong><span style=\"text-decoration: underline; color: #fbc53c;\">TARDA \u2013 VELHA<\/span><\/strong><\/p>\n<p><i>Ubicaci\u00f3: Era Audiovisuau de Viella, Val d&#8217;Aran<\/i><\/p>\n<ul>\n<li><b>17:00 h<\/b> <strong>&#8211; Recepci\u00f3<\/strong> a Era Audiovisual de Vielha.<\/li>\n<li><b>17.15 h &#8211; \u201cOVIHUEC.DAT i el benestar en extensiu\u201d,<\/b> Antoni Dalmau, investigador de l&#8217;IRTA.<\/li>\n<li><b>17:30 h &#8211; \u201cRemats que arriben al consumidor amb valor afegit\u201d,<\/b> Gerardo Baguena, Fundaci\u00f3 per a la conservaci\u00f3 del Trencal\u00f2s.<\/li>\n<li><b>18:00 h &#8211;<\/b> <strong>Taula rodona i presentaci\u00f3 del llibre \u201cUna nova<\/strong> <strong>economia per al llogaret del segle XXI\u201d<\/strong> de Jaime Izquierdo, amb Paco Boya, secretari general per al Repte Demogr\u00e0fic; Sergi M\u00e9ndez, president d&#8217;ARCA; i Belarmino Fern\u00e1ndez, president de READER. Modera i presideix: Maria Verg\u00e9s, sindica d&#8217;Aran. <\/li>\n<li><b>18.45 h &#8211; &#8220;La ramaderia extensiva i els seus beneficis ambientals en la biodiversitat i el control d&#8217;incendis&#8221;,<\/b> Esther Mart\u00ednez i Renata Martins, investigadores de l&#8217;IRTA.<\/li>\n<li><span style=\"color: #fbc53c;\"><strong>19:15h &#8211; Pausa caf\u00e8<\/strong><\/span><\/li>\n<li><b>19:30 h &#8211; Com crear nous productes lactis,<\/b> Marta Garr\u00f3n, investigadora de l&#8217;IRTA.<\/li>\n<li><b>20.00 h &#8211; Co-creaci\u00f3 d&#8217;un distintiu comercial,<\/b> Luis Guerrero, investigador de l&#8217;IRTA.<\/li>\n<li><b>20:30 h &#8211; Projecci\u00f3 del documental: \u201cUn poble sense ramat, \u00e9s un poble mort\u201d (34 min) Cinef\u00f2rum.  <\/b>Comentaris del documental, Toni Dalmau.<\/li>\n<\/ul>\n<\/div>\n\t\t\t\t<\/div>\n\t\t\t\t\t\t\t\t<\/div>\n\t\t\t\t\t\t<\/div>\n\t\t\t\t<\/div>\n\t\t\t\t<div class=\"elementor-element elementor-element-7690e88 elementor-align-center elementor-widget elementor-widget-button\" data-id=\"7690e88\" data-element_type=\"widget\" data-e-type=\"widget\" data-widget_type=\"button.default\">\n\t\t\t\t<div class=\"elementor-widget-container\">\n\t\t\t\t\t\t\t\t\t<div class=\"elementor-button-wrapper\">\n\t\t\t\t\t<a class=\"elementor-button elementor-button-link elementor-size-sm\" href=\"https:\/\/docs.google.com\/forms\/u\/0\/d\/e\/1FAIpQLSeAgSub8I3a3-D8Z-oFjbaXoPuHGtraCecdH1Ct-L8-loZRVQ\/viewform?usp=send_form&#038;pli=1\" target=\"_blank\">\n\t\t\t\t\t\t<span class=\"elementor-button-content-wrapper\">\n\t\t\t\t\t\t\t\t\t<span class=\"elementor-button-text\">Inscriu-te a la Jornada t\u00e8cnica<\/span>\n\t\t\t\t\t<\/span>\n\t\t\t\t\t<\/a>\n\t\t\t\t<\/div>\n\t\t\t\t\t\t\t\t<\/div>\n\t\t\t\t<\/div>\n\t\t\t\t<div class=\"elementor-element elementor-element-08a0b4d elementor-widget elementor-widget-text-editor\" data-id=\"08a0b4d\" data-element_type=\"widget\" data-e-type=\"widget\" data-widget_type=\"text-editor.default\">\n\t\t\t\t<div class=\"elementor-widget-container\">\n\t\t\t\t\t\t\t\t\t<p style=\"text-align: center;\"><span style=\"color: #ffffff;\"><b>Data l\u00edmit dinscripci\u00f3: 04.07.2025<\/b><\/span><\/p>\t\t\t\t\t\t\t\t<\/div>\n\t\t\t\t<\/div>\n\t\t\t\t<div class=\"elementor-element elementor-element-a51c888 elementor-widget elementor-widget-heading\" data-id=\"a51c888\" data-element_type=\"widget\" data-e-type=\"widget\" data-widget_type=\"heading.default\">\n\t\t\t\t<div class=\"elementor-widget-container\">\n\t\t\t\t\t<h5 class=\"elementor-heading-title elementor-size-default\">Festa OVIHUEC  <\/h5>\t\t\t\t<\/div>\n\t\t\t\t<\/div>\n\t\t\t\t<div class=\"elementor-element elementor-element-9e94eea elementor-widget elementor-widget-accordion\" data-id=\"9e94eea\" data-element_type=\"widget\" data-e-type=\"widget\" data-widget_type=\"accordion.default\">\n\t\t\t\t<div class=\"elementor-widget-container\">\n\t\t\t\t\t\t\t<div class=\"elementor-accordion\">\n\t\t\t\t\t\t\t<div class=\"elementor-accordion-item\">\n\t\t\t\t\t<div id=\"elementor-tab-title-1661\" class=\"elementor-tab-title\" data-tab=\"1\" role=\"button\" aria-controls=\"elementor-tab-content-1661\" aria-expanded=\"false\">\n\t\t\t\t\t\t\t\t\t\t\t\t\t<span class=\"elementor-accordion-icon elementor-accordion-icon-left\" aria-hidden=\"true\">\n\t\t\t\t\t\t\t\t\t\t\t\t\t\t\t<span class=\"elementor-accordion-icon-closed\"><i class=\"fas fa-plus\"><\/i><\/span>\n\t\t\t\t\t\t\t\t<span class=\"elementor-accordion-icon-opened\"><i class=\"fas fa-minus\"><\/i><\/span>\n\t\t\t\t\t\t\t\t\t\t\t\t\t\t<\/span>\n\t\t\t\t\t\t\t\t\t\t\t\t<a class=\"elementor-accordion-title\" tabindex=\"0\">PROGRAMA FESTA OVIHUEC:<\/a>\n\t\t\t\t\t<\/div>\n\t\t\t\t\t<div id=\"elementor-tab-content-1661\" class=\"elementor-tab-content elementor-clearfix\" data-tab=\"1\" role=\"region\" aria-labelledby=\"elementor-tab-title-1661\"><p><b>Dissabte, 19 de juliol de 2025 \u2013 VILAM\u00d2S  <\/b><\/p>\n<p><b>9:30 h \u2013 Benvinguda i Exhibici\u00f3 de gos pastor<\/b> al prat de la fonada.<\/p>\n<p><b>10:30 h \u2013 Show Cooking de la Xef Ada Parellada<\/b> del restaurant Semproniana a Carr\u00e8r Campas\u00e8ra.<\/p>\n<p><b>12:00 h \u2013<\/b> ACTIVITATS SIMULT\u00c0NIES (m\u00e0x. 25 persones)<\/p>\n<ul>\n<li>\n<p><strong>Taller de papallones<\/strong> \u2013 punt de trobada Ajuntament de Vilam\u00f2s<\/p>\n<\/li>\n<li>\n<p><strong>Taller de teixir amb llana<\/strong> \u2013 Carr\u00e8r Campas\u00e8ra<\/p>\n<\/li>\n<li>\n<p><strong>Tast de formatges a cegues<\/strong> \u2013 Sala social<\/p>\n<\/li>\n<li>\n<p><strong>Taller de jocs infantils de fusta<\/strong> \u2013 Pla\u00e7a de la font<\/p>\n<\/li>\n<\/ul>\n<p><b>13:00 h<\/b> &#8211; ACTIVITATS SIMULT\u00c0NIES (m\u00e0x. 25 persones)<\/p>\n<ul>\n<li>\n<p><strong>Taller de papallones<\/strong> \u2013 punt de trobada Ajuntament de Vilam\u00f2s<\/p>\n<\/li>\n<li>\n<p><strong>Taller de teixir amb llana<\/strong> \u2013 Carr\u00e8r Campas\u00e8ra<\/p>\n<\/li>\n<li>\n<p><strong>Tast de formatges a cegues<\/strong> \u2013 Sala social<\/p>\n<\/li>\n<li>\n<p><strong>Taller de jocs infantils de fusta<\/strong> \u2013 Pla\u00e7a de la font<\/p>\n<\/li>\n<\/ul>\n<p align=\"justify\"><b>14 h &#8211; Dinar popular de xai<\/b> &#8211; aportaci\u00f3 de 10 \u20ac i 5 \u20ac de 3 a 12 anys &#8211; <i><b>Pagament en efectiu<\/b><\/i><\/p>\n<p><b>15:30 h \u2013<\/b> TALLERS SIMULT\u00c0NIS (m\u00e0x. 25 persones)<\/p>\n<ul>\n<li>\n<p><strong>Taller de cer\u00e0mica<\/strong> &#8211; Sala social<\/p>\n<\/li>\n<li>\n<p><strong>Taller de fades de llana<\/strong> \u2013 Carr\u00e8r Campas\u00e8ra<\/p>\n<\/li>\n<li>\n<p><strong>Gyncana infantil de biodiversitat<\/strong> \u2013 Pla\u00e7a de la font<\/p>\n<\/li>\n<li>\n<p><strong>Visita al ramat i explicaci\u00f3 collarets GPS<\/strong> \u2013 Ajuntament de Vilam\u00f2s<\/p>\n<\/li>\n<\/ul>\n<p align=\"justify\"><b>16.30 h \u2013 Balls tradicionals aranesos \u2013 Curbilho\u00e8rs de Les<\/b> a Carr\u00e8r Campas\u00e8ra<\/p>\n<p><b>17:00 h \u2013<\/b> TALLERS SIMULT\u00c0NIS (m\u00e0x. 25 persones)<\/p>\n<ul>\n<li>\n<p><strong>Taller de cer\u00e0mica<\/strong> &#8211; Sala social<\/p>\n<\/li>\n<li>\n<p><strong>Taller de fades de llana<\/strong> \u2013 Carr\u00e8r Campas\u00e8ra<\/p>\n<\/li>\n<li>\n<p><strong>Gyncana infantil de biodiversitat<\/strong> \u2013 Pla\u00e7a de la font<\/p>\n<\/li>\n<li>\n<p><strong>Visita al ramat i explicaci\u00f3 collarets GPS<\/strong> \u2013 Ajuntament de Vilam\u00f2s<\/p>\n<\/li>\n<\/ul>\n<p align=\"justify\"><b>18 h &#8211;<\/b> ACTIVITATS SIMULT\u00c0NIES (m\u00e0x. 25 persones)<\/p>\n<ul>\n<li>\n<p><strong>Taller d&#8217;elaboraci\u00f3 de formatges i iogurts artesans<\/strong> \u2013 Carr\u00e8r Campas\u00e8ra<\/p>\n<\/li>\n<li>\n<p><strong>Visita teatralitzada a l&#8217;Ecomuseu \u00c7\u00f2 de Joanchiquet<\/strong><\/p>\n<\/li>\n<\/ul>\n<p align=\"justify\"><b>19 h &#8211;<\/b> ACTIVITATS SIMULT\u00c0NIES (m\u00e0x. 25 persones)<\/p>\n<ul>\n<li>\n<p><strong>Taller d&#8217;elaboraci\u00f3 de formatges i iogurts artesans<\/strong> \u2013 Carr\u00e8r Campas\u00e8ra<\/p>\n<\/li>\n<li>\n<p><strong>Visita teatralitzada a l&#8217;Ecomuseu \u00c7\u00f2 de Joanchiquet<\/strong><\/p>\n<\/li>\n<\/ul>\n<p><b>20 h \u2013 CONCERT DE M\u00daSICA ARANESA<\/b> Grup Sarabat a Carr\u00e8r Campas\u00e8ra<\/p>\n<p><strong>21:30 h<\/strong> <strong>\u2013<\/strong> <strong>Sopar popular<\/strong> a la carpa \u2013 aportaci\u00f3 de 20 \u20ac\/persona<\/p>\n<p><b>23:00 h \u2013 Bingo musical<\/b> a la carpa<\/p>\n<p><b>00:00 h \u2013 3:00 h &#8211; Orquestra Golden Saxo<\/b> a l&#8217;envelat  <\/p>\n<\/div>\n\t\t\t\t<\/div>\n\t\t\t\t\t\t\t\t<\/div>\n\t\t\t\t\t\t<\/div>\n\t\t\t\t<\/div>\n\t\t\t\t\t<\/div>\n\t\t<\/div>\n\t\t\t\t\t<\/div>\n\t\t<\/section>\n\t\t\t\t<section class=\"has_eae_slider elementor-section elementor-top-section elementor-element elementor-element-0a901ee elementor-section-stretched elementor-section-boxed elementor-section-height-default elementor-section-height-default\" data-eae-slider=\"12969\" data-id=\"0a901ee\" data-element_type=\"section\" data-e-type=\"section\" data-settings=\"{&quot;stretch_section&quot;:&quot;section-stretched&quot;}\">\n\t\t\t\t\t\t<div class=\"elementor-container elementor-column-gap-default\">\n\t\t\t\t\t<div class=\"has_eae_slider elementor-column elementor-col-100 elementor-top-column elementor-element elementor-element-c1425d0\" data-eae-slider=\"70130\" data-id=\"c1425d0\" data-element_type=\"column\" data-e-type=\"column\">\n\t\t\t<div class=\"elementor-widget-wrap elementor-element-populated\">\n\t\t\t\t\t\t<div class=\"elementor-element elementor-element-f695c27 elementor-widget elementor-widget-heading\" data-id=\"f695c27\" data-element_type=\"widget\" data-e-type=\"widget\" data-widget_type=\"heading.default\">\n\t\t\t\t<div class=\"elementor-widget-container\">\n\t\t\t\t\t<h5 class=\"elementor-heading-title elementor-size-default\">OBJECTIUS DEL PROJECTE<\/h5>\t\t\t\t<\/div>\n\t\t\t\t<\/div>\n\t\t\t\t<div class=\"elementor-element elementor-element-7a8c929 elementor-widget elementor-widget-menu-anchor\" data-id=\"7a8c929\" data-element_type=\"widget\" data-e-type=\"widget\" data-widget_type=\"menu-anchor.default\">\n\t\t\t\t<div class=\"elementor-widget-container\">\n\t\t\t\t\t\t\t<div class=\"elementor-menu-anchor\" id=\"objetivsovi\"><\/div>\n\t\t\t\t\t\t<\/div>\n\t\t\t\t<\/div>\n\t\t\t\t<div class=\"elementor-element elementor-element-a54a0a5 elementor-widget elementor-widget-text-editor\" data-id=\"a54a0a5\" data-element_type=\"widget\" data-e-type=\"widget\" data-widget_type=\"text-editor.default\">\n\t\t\t\t<div class=\"elementor-widget-container\">\n\t\t\t\t\t\t\t\t\t<p><span style=\"color: #127784;\"><strong>&#8220;Molt m\u00e9s que un ramat, un projecte de recerca de diferents disciplines mitjan\u00e7ant la ci\u00e8ncia aplicada.&#8221;<\/strong><\/span><\/p>\t\t\t\t\t\t\t\t<\/div>\n\t\t\t\t<\/div>\n\t\t\t\t<div class=\"elementor-element elementor-element-b023d9c elementor-widget elementor-widget-text-editor\" data-id=\"b023d9c\" data-element_type=\"widget\" data-e-type=\"widget\" data-widget_type=\"text-editor.default\">\n\t\t\t\t<div class=\"elementor-widget-container\">\n\t\t\t\t\t\t\t\t\t<ol><li><b>ANIMALS:<\/b><\/li><\/ol>\t\t\t\t\t\t\t\t<\/div>\n\t\t\t\t<\/div>\n\t\t\t\t<div class=\"elementor-element elementor-element-9f63562 elementor-widget elementor-widget-text-editor\" data-id=\"9f63562\" data-element_type=\"widget\" data-e-type=\"widget\" data-widget_type=\"text-editor.default\">\n\t\t\t\t<div class=\"elementor-widget-container\">\n\t\t\t\t\t\t\t\t\t<p>Crear un ramat ov\u00ed i cabrum de titularitat p\u00fablica gestionat per un pastor o pastora, amb el seguiment i la cura de professionals veterinaris i bi\u00f2legs sota criteris de benestar animal.<\/p><p>El ramat est\u00e0 format per <b>un centenar d&#8217;ovelles de<\/b> <b>dues races diferents: l&#8217;aranesa i la ripollesa.<\/b> Aix\u00f2 permetr\u00e0 comprovar la seva adaptabilitat a l&#8217;entorn de Vilam\u00f2s i realitzar una comparaci\u00f3 productiva d&#8217;ambdues gen\u00e8tiques.<\/p>\t\t\t\t\t\t\t\t<\/div>\n\t\t\t\t<\/div>\n\t\t\t\t\t<\/div>\n\t\t<\/div>\n\t\t\t\t\t<\/div>\n\t\t<\/section>\n\t\t\t\t<section class=\"has_eae_slider elementor-section elementor-top-section elementor-element elementor-element-d8763fd elementor-section-full_width elementor-section-height-default elementor-section-height-default\" data-eae-slider=\"96455\" data-id=\"d8763fd\" data-element_type=\"section\" data-e-type=\"section\">\n\t\t\t\t\t\t<div class=\"elementor-container elementor-column-gap-default\">\n\t\t\t\t\t<div class=\"has_eae_slider elementor-column elementor-col-33 elementor-top-column elementor-element elementor-element-4339040\" data-eae-slider=\"24443\" data-id=\"4339040\" data-element_type=\"column\" data-e-type=\"column\">\n\t\t\t<div class=\"elementor-widget-wrap elementor-element-populated\">\n\t\t\t\t\t\t<div class=\"elementor-element elementor-element-940d22b elementor-widget elementor-widget-heading\" data-id=\"940d22b\" data-element_type=\"widget\" data-e-type=\"widget\" data-widget_type=\"heading.default\">\n\t\t\t\t<div class=\"elementor-widget-container\">\n\t\t\t\t\t<h6 class=\"elementor-heading-title elementor-size-default\">OVELLA ARANESA<\/h6>\t\t\t\t<\/div>\n\t\t\t\t<\/div>\n\t\t\t\t<div class=\"elementor-element elementor-element-43ee3a3 elementor-widget elementor-widget-image\" data-id=\"43ee3a3\" data-element_type=\"widget\" data-e-type=\"widget\" data-widget_type=\"image.default\">\n\t\t\t\t<div class=\"elementor-widget-container\">\n\t\t\t\t\t\t\t\t\t\t\t\t\t\t\t<img decoding=\"async\" width=\"580\" height=\"387\" src=\"https:\/\/www.hepic-hub.org\/wp-content\/uploads\/2025\/06\/DSC2141-1024x683.jpg\" class=\"attachment-large size-large wp-image-5217\" alt=\"\" srcset=\"https:\/\/www.hepic-hub.org\/wp-content\/uploads\/2025\/06\/DSC2141-1024x683.jpg 1024w, https:\/\/www.hepic-hub.org\/wp-content\/uploads\/2025\/06\/DSC2141-300x200.jpg 300w, https:\/\/www.hepic-hub.org\/wp-content\/uploads\/2025\/06\/DSC2141-768x512.jpg 768w, https:\/\/www.hepic-hub.org\/wp-content\/uploads\/2025\/06\/DSC2141-1536x1024.jpg 1536w, https:\/\/www.hepic-hub.org\/wp-content\/uploads\/2025\/06\/DSC2141-2048x1365.jpg 2048w, https:\/\/www.hepic-hub.org\/wp-content\/uploads\/2025\/06\/DSC2141-1200x800.jpg 1200w, https:\/\/www.hepic-hub.org\/wp-content\/uploads\/2025\/06\/DSC2141-1980x1320.jpg 1980w\" sizes=\"(max-width: 580px) 100vw, 580px\" \/>\t\t\t\t\t\t\t\t\t\t\t\t\t\t\t<\/div>\n\t\t\t\t<\/div>\n\t\t\t\t<div class=\"elementor-element elementor-element-68a8b1d elementor-widget elementor-widget-text-editor\" data-id=\"68a8b1d\" data-element_type=\"widget\" data-e-type=\"widget\" data-widget_type=\"text-editor.default\">\n\t\t\t\t<div class=\"elementor-widget-container\">\n\t\t\t\t\t\t\t\t\t<ul><li><p><span style=\"color: #fbc53c;\"><b>Origen:<\/b><\/span> Pr\u00f2pia de la Val d&#8217;Aran, l&#8217;escassa documentaci\u00f3 hist\u00f2rica en dificulta la categoritzaci\u00f3 com a esp\u00e8cie aut\u00f2ctona. \u00c9s una ra\u00e7a molt emparentada amb la Tarasconesa, origin\u00e0ria de la regi\u00f3 ve\u00efna francesa, pertanyent al Pirineu Central (Ari\u00e8ge i Pirin\u00e8us Auts), Garona Auta i G\u00e8rs. <\/p><\/li><li><p><span style=\"color: #fbc53c;\"><b>Descripci\u00f3:<\/b><\/span> Es distingeix f\u00e0cilment per la gran grand\u00e0ria i la pres\u00e8ncia de banyes als seus exemplars.<\/p><\/li><\/ul>\t\t\t\t\t\t\t\t<\/div>\n\t\t\t\t<\/div>\n\t\t\t\t\t<\/div>\n\t\t<\/div>\n\t\t\t\t<div class=\"has_eae_slider elementor-column elementor-col-33 elementor-top-column elementor-element elementor-element-85c7610\" data-eae-slider=\"91405\" data-id=\"85c7610\" data-element_type=\"column\" data-e-type=\"column\">\n\t\t\t<div class=\"elementor-widget-wrap elementor-element-populated\">\n\t\t\t\t\t\t<div class=\"elementor-element elementor-element-be0d716 elementor-widget elementor-widget-heading\" data-id=\"be0d716\" data-element_type=\"widget\" data-e-type=\"widget\" data-widget_type=\"heading.default\">\n\t\t\t\t<div class=\"elementor-widget-container\">\n\t\t\t\t\t<h6 class=\"elementor-heading-title elementor-size-default\">OVELLA RIPOLLESA<\/h6>\t\t\t\t<\/div>\n\t\t\t\t<\/div>\n\t\t\t\t<div class=\"elementor-element elementor-element-f61c1e2 elementor-widget elementor-widget-image\" data-id=\"f61c1e2\" data-element_type=\"widget\" data-e-type=\"widget\" data-widget_type=\"image.default\">\n\t\t\t\t<div class=\"elementor-widget-container\">\n\t\t\t\t\t\t\t\t\t\t\t\t\t\t\t<img decoding=\"async\" width=\"1\" height=\"1\" src=\"https:\/\/www.hepic-hub.org\/wp-content\/uploads\/2025\/06\/DSC2192-1-1536x1022-1.png\" class=\"attachment-large size-large wp-image-5247\" alt=\"\" \/>\t\t\t\t\t\t\t\t\t\t\t\t\t\t\t<\/div>\n\t\t\t\t<\/div>\n\t\t\t\t<div class=\"elementor-element elementor-element-c262cd0 elementor-widget elementor-widget-text-editor\" data-id=\"c262cd0\" data-element_type=\"widget\" data-e-type=\"widget\" data-widget_type=\"text-editor.default\">\n\t\t\t\t<div class=\"elementor-widget-container\">\n\t\t\t\t\t\t\t\t\t<ul><li><p><span style=\"color: #fbc53c;\"><b>Origen:<\/b><\/span> Aut\u00f2ctona del nord-est de Catalunya, originada probablement a partir de la cru\u00eflla dels ovins que habitaven antigament a la zona del Pirineu Central i d&#8217;individus de tipus Merino que van arribar a causa de la transhum\u00e0ncia.<b> <\/b><\/p><\/li><li><p><span style=\"color: #fbc53c;\"><b>Descripci\u00f3:<\/b><\/span> La ra\u00e7a ripollesa es caracteritza per tenir taques marrons o negres a la cara ia les extremitats. \u00c9s una ra\u00e7a r\u00fastica i ben adaptada a les condicions geoclim\u00e0tiques de Catalunya.   <\/p><\/li><\/ul>\t\t\t\t\t\t\t\t<\/div>\n\t\t\t\t<\/div>\n\t\t\t\t\t<\/div>\n\t\t<\/div>\n\t\t\t\t<div class=\"has_eae_slider elementor-column elementor-col-33 elementor-top-column elementor-element elementor-element-dcaf668\" data-eae-slider=\"56775\" data-id=\"dcaf668\" data-element_type=\"column\" data-e-type=\"column\">\n\t\t\t<div class=\"elementor-widget-wrap elementor-element-populated\">\n\t\t\t\t\t\t<div class=\"elementor-element elementor-element-6dbca18 elementor-widget elementor-widget-heading\" data-id=\"6dbca18\" data-element_type=\"widget\" data-e-type=\"widget\" data-widget_type=\"heading.default\">\n\t\t\t\t<div class=\"elementor-widget-container\">\n\t\t\t\t\t<h6 class=\"elementor-heading-title elementor-size-default\">CABRA FLORIDA<\/h6>\t\t\t\t<\/div>\n\t\t\t\t<\/div>\n\t\t\t\t<div class=\"elementor-element elementor-element-6d78d6a elementor-widget elementor-widget-image\" data-id=\"6d78d6a\" data-element_type=\"widget\" data-e-type=\"widget\" data-widget_type=\"image.default\">\n\t\t\t\t<div class=\"elementor-widget-container\">\n\t\t\t\t\t\t\t\t\t\t\t\t\t\t\t<img loading=\"lazy\" decoding=\"async\" width=\"580\" height=\"388\" src=\"https:\/\/www.hepic-hub.org\/wp-content\/uploads\/2025\/06\/DSC0121-1536x1027-1-1024x685.jpg\" class=\"attachment-large size-large wp-image-5235\" alt=\"\" srcset=\"https:\/\/www.hepic-hub.org\/wp-content\/uploads\/2025\/06\/DSC0121-1536x1027-1-1024x685.jpg 1024w, https:\/\/www.hepic-hub.org\/wp-content\/uploads\/2025\/06\/DSC0121-1536x1027-1-300x201.jpg 300w, https:\/\/www.hepic-hub.org\/wp-content\/uploads\/2025\/06\/DSC0121-1536x1027-1-768x514.jpg 768w, https:\/\/www.hepic-hub.org\/wp-content\/uploads\/2025\/06\/DSC0121-1536x1027-1-1200x802.jpg 1200w, https:\/\/www.hepic-hub.org\/wp-content\/uploads\/2025\/06\/DSC0121-1536x1027-1.jpg 1536w\" sizes=\"(max-width: 580px) 100vw, 580px\" \/>\t\t\t\t\t\t\t\t\t\t\t\t\t\t\t<\/div>\n\t\t\t\t<\/div>\n\t\t\t\t<div class=\"elementor-element elementor-element-68a33cb elementor-widget elementor-widget-text-editor\" data-id=\"68a33cb\" data-element_type=\"widget\" data-e-type=\"widget\" data-widget_type=\"text-editor.default\">\n\t\t\t\t<div class=\"elementor-widget-container\">\n\t\t\t\t\t\t\t\t\t<ul><li><p><span style=\"color: #fbc53c;\"><b>Origen:<\/b><\/span> Ra\u00e7a aut\u00f2ctona de la Baixa Vall del Guadalquivir. L&#8217;origen d&#8217;aquesta ra\u00e7a es troba a la cru\u00eflla de la branca pirinenca i l&#8217;anglonubiana. <\/p><\/li><li><p><span style=\"color: #fbc53c;\"><b>Descripci\u00f3:<\/b><\/span> Aquesta ra\u00e7a presenta un pelatge amb taques vermelles sobre un fons blanc, cosa que li d\u00f3na una aparen\u00e7a similar a un camp florit, per aix\u00f2 el nom de florida.  <\/p><\/li><\/ul>\t\t\t\t\t\t\t\t<\/div>\n\t\t\t\t<\/div>\n\t\t\t\t\t<\/div>\n\t\t<\/div>\n\t\t\t\t\t<\/div>\n\t\t<\/section>\n\t\t\t\t<section class=\"has_eae_slider elementor-section elementor-top-section elementor-element elementor-element-d8990bc elementor-section-full_width elementor-section-height-default elementor-section-height-default\" data-eae-slider=\"47236\" data-id=\"d8990bc\" data-element_type=\"section\" data-e-type=\"section\">\n\t\t\t\t\t\t<div class=\"elementor-container elementor-column-gap-default\">\n\t\t\t\t\t<div class=\"has_eae_slider elementor-column elementor-col-100 elementor-top-column elementor-element elementor-element-56ca057\" data-eae-slider=\"13062\" data-id=\"56ca057\" data-element_type=\"column\" data-e-type=\"column\">\n\t\t\t<div class=\"elementor-widget-wrap elementor-element-populated\">\n\t\t\t\t\t\t<div class=\"elementor-element elementor-element-4ba7f07 elementor-widget elementor-widget-text-editor\" data-id=\"4ba7f07\" data-element_type=\"widget\" data-e-type=\"widget\" data-widget_type=\"text-editor.default\">\n\t\t\t\t<div class=\"elementor-widget-container\">\n\t\t\t\t\t\t\t\t\t<p>A m\u00e9s, el ramat inclou <b>una vintena de cabres<\/b> que ajuden a diversificar el grup ia complementar la neteja del bosc. La caracter\u00edstica m\u00e9s interessant de les cabres \u00e9s la seva <b>naturalesa ramoneadora, \u00e9s a dir, s&#8217;alimenten de les fulles d&#8217;arbres i arbustos i contribueixen especialment al control de les esp\u00e8cies m\u00e9s arbustives.<\/b> <\/p>\t\t\t\t\t\t\t\t<\/div>\n\t\t\t\t<\/div>\n\t\t\t\t\t<\/div>\n\t\t<\/div>\n\t\t\t\t\t<\/div>\n\t\t<\/section>\n\t\t\t\t<section class=\"has_eae_slider elementor-section elementor-top-section elementor-element elementor-element-bd840ee elementor-section-stretched elementor-section-boxed elementor-section-height-default elementor-section-height-default\" data-eae-slider=\"30630\" data-id=\"bd840ee\" data-element_type=\"section\" data-e-type=\"section\" data-settings=\"{&quot;stretch_section&quot;:&quot;section-stretched&quot;}\">\n\t\t\t\t\t\t<div class=\"elementor-container elementor-column-gap-default\">\n\t\t\t\t\t<div class=\"has_eae_slider elementor-column elementor-col-100 elementor-top-column elementor-element elementor-element-010b199\" data-eae-slider=\"48264\" data-id=\"010b199\" data-element_type=\"column\" data-e-type=\"column\">\n\t\t\t<div class=\"elementor-widget-wrap elementor-element-populated\">\n\t\t\t\t\t\t<div class=\"elementor-element elementor-element-667a43f elementor-widget elementor-widget-text-editor\" data-id=\"667a43f\" data-element_type=\"widget\" data-e-type=\"widget\" data-widget_type=\"text-editor.default\">\n\t\t\t\t<div class=\"elementor-widget-container\">\n\t\t\t\t\t\t\t\t\t<p><b>2. IMPACTE AMBIENTAL:<\/b><\/p>\t\t\t\t\t\t\t\t<\/div>\n\t\t\t\t<\/div>\n\t\t\t\t<div class=\"elementor-element elementor-element-d8d3150 elementor-widget elementor-widget-text-editor\" data-id=\"d8d3150\" data-element_type=\"widget\" data-e-type=\"widget\" data-widget_type=\"text-editor.default\">\n\t\t\t\t<div class=\"elementor-widget-container\">\n\t\t\t\t\t\t\t\t\t<p>Amb el ramat d&#8217;Ovihuec.dat estudiarem <b>com el pasturatge pot millorar la biodiversitat<\/b> de l&#8217;entorn. Iniciarem amb la preparaci\u00f3 i avaluaci\u00f3 de les zones d&#8217;acci\u00f3 a trav\u00e9s del <b> <\/b>esbrossada, la recopilaci\u00f3 de dades i l&#8217;an\u00e0lisi del cicle de vida (ACV).<\/p>\t\t\t\t\t\t\t\t<\/div>\n\t\t\t\t<\/div>\n\t\t\t\t\t<\/div>\n\t\t<\/div>\n\t\t\t\t\t<\/div>\n\t\t<\/section>\n\t\t\t\t<section class=\"has_eae_slider elementor-section elementor-top-section elementor-element elementor-element-c2dc9cc elementor-section-stretched elementor-section-boxed elementor-section-height-default elementor-section-height-default\" data-eae-slider=\"57014\" data-id=\"c2dc9cc\" data-element_type=\"section\" data-e-type=\"section\" data-settings=\"{&quot;stretch_section&quot;:&quot;section-stretched&quot;,&quot;background_background&quot;:&quot;classic&quot;}\">\n\t\t\t\t\t\t<div class=\"elementor-container elementor-column-gap-default\">\n\t\t\t\t\t<div class=\"has_eae_slider elementor-column elementor-col-100 elementor-top-column elementor-element elementor-element-a094c88\" data-eae-slider=\"31053\" data-id=\"a094c88\" data-element_type=\"column\" data-e-type=\"column\">\n\t\t\t<div class=\"elementor-widget-wrap\">\n\t\t\t\t\t\t\t<\/div>\n\t\t<\/div>\n\t\t\t\t\t<\/div>\n\t\t<\/section>\n\t\t\t\t<section class=\"has_eae_slider elementor-section elementor-top-section elementor-element elementor-element-bcc8b5b elementor-section-stretched elementor-section-boxed elementor-section-height-default elementor-section-height-default\" data-eae-slider=\"28286\" data-id=\"bcc8b5b\" data-element_type=\"section\" data-e-type=\"section\" data-settings=\"{&quot;stretch_section&quot;:&quot;section-stretched&quot;}\">\n\t\t\t\t\t\t<div class=\"elementor-container elementor-column-gap-default\">\n\t\t\t\t\t<div class=\"has_eae_slider elementor-column elementor-col-100 elementor-top-column elementor-element elementor-element-c2cd4a8\" data-eae-slider=\"83802\" data-id=\"c2cd4a8\" data-element_type=\"column\" data-e-type=\"column\">\n\t\t\t<div class=\"elementor-widget-wrap elementor-element-populated\">\n\t\t\t\t\t\t<div class=\"elementor-element elementor-element-464a1c3 elementor-widget elementor-widget-text-editor\" data-id=\"464a1c3\" data-element_type=\"widget\" data-e-type=\"widget\" data-widget_type=\"text-editor.default\">\n\t\t\t\t<div class=\"elementor-widget-container\">\n\t\t\t\t\t\t\t\t\t<p><span style=\"color: #fbc53c;\"><b>Pastures:<\/b><\/span> recuperar antigues pastures perdudes per manca d&#8217;activitat ramadera i determinar el valor nutricional de les esp\u00e8cies herb\u00e0cies i la productivitat vegetal en un sistema de silvopastoreig.<\/p><p><span style=\"color: #fbc53c;\"><b>Fauna:<\/b><\/span> fer seguiments i mostrejos de diverses esp\u00e8cies, tant abans com despr\u00e9s de l&#8217;arribada del ramat, per estudiar i entendre quin impacte t\u00e9 la silvopastura en la riquesa i la diversitat de la fauna del territori.  <\/p><p><span style=\"color: #fbc53c;\"><b>Flora:<\/b><\/span> estudiar l&#8217;efecte del pasturatge a la diversitat flor\u00edstica de la zona i analitzar si les esp\u00e8cies m\u00e9s palatables s\u00f3n m\u00e9s abundants, contribuint aix\u00ed a augmentar el valor ecol\u00f2gic de les pastures.<\/p><p><span style=\"color: #fbc53c;\"><b>Risc d&#8217;incendis:<\/b><\/span> valorar l&#8217;impacte de l&#8217;activitat ramadera a la prevenci\u00f3 d&#8217;incendis, investigant els factors clau abans i despr\u00e9s pas del ramat:<\/p><ul><li><p>Estructura de la vegetaci\u00f3: observar els canvis al sotabosc ia la distribuci\u00f3 de la vegetaci\u00f3 que sovint actua com a combustible.  <\/p><\/li><li><p>Biomassa morta: comprovar si es redueix la quantitat de mat\u00e8ria seca present, com ara troncs i branques.  <\/p><\/li><li><p>Fullaraca: mesurar si disminueix l&#8217;acumulaci\u00f3 de fulles seques que ajuden a propagar el foc.  <\/p><\/li><\/ul>\t\t\t\t\t\t\t\t<\/div>\n\t\t\t\t<\/div>\n\t\t\t\t\t<\/div>\n\t\t<\/div>\n\t\t\t\t\t<\/div>\n\t\t<\/section>\n\t\t\t\t<section class=\"has_eae_slider elementor-section elementor-top-section elementor-element elementor-element-1cf5aea elementor-section-stretched elementor-section-boxed elementor-section-height-default elementor-section-height-default\" data-eae-slider=\"36893\" data-id=\"1cf5aea\" data-element_type=\"section\" data-e-type=\"section\" data-settings=\"{&quot;stretch_section&quot;:&quot;section-stretched&quot;,&quot;background_background&quot;:&quot;classic&quot;}\">\n\t\t\t\t\t\t<div class=\"elementor-container elementor-column-gap-default\">\n\t\t\t\t\t<div class=\"has_eae_slider elementor-column elementor-col-100 elementor-top-column elementor-element elementor-element-516b046\" data-eae-slider=\"91172\" data-id=\"516b046\" data-element_type=\"column\" data-e-type=\"column\">\n\t\t\t<div class=\"elementor-widget-wrap\">\n\t\t\t\t\t\t\t<\/div>\n\t\t<\/div>\n\t\t\t\t\t<\/div>\n\t\t<\/section>\n\t\t\t\t<section class=\"has_eae_slider elementor-section elementor-top-section elementor-element elementor-element-ba0fbae elementor-section-stretched elementor-section-boxed elementor-section-height-default elementor-section-height-default\" data-eae-slider=\"85657\" data-id=\"ba0fbae\" data-element_type=\"section\" data-e-type=\"section\" data-settings=\"{&quot;stretch_section&quot;:&quot;section-stretched&quot;}\">\n\t\t\t\t\t\t<div class=\"elementor-container elementor-column-gap-default\">\n\t\t\t\t\t<div class=\"has_eae_slider elementor-column elementor-col-100 elementor-top-column elementor-element elementor-element-c044318\" data-eae-slider=\"68704\" data-id=\"c044318\" data-element_type=\"column\" data-e-type=\"column\">\n\t\t\t<div class=\"elementor-widget-wrap elementor-element-populated\">\n\t\t\t\t\t\t<div class=\"elementor-element elementor-element-dd2ee74 elementor-widget elementor-widget-text-editor\" data-id=\"dd2ee74\" data-element_type=\"widget\" data-e-type=\"widget\" data-widget_type=\"text-editor.default\">\n\t\t\t\t<div class=\"elementor-widget-container\">\n\t\t\t\t\t\t\t\t\t<p><b>3. TECNOLOGIA:<\/b><\/p>\t\t\t\t\t\t\t\t<\/div>\n\t\t\t\t<\/div>\n\t\t\t\t<div class=\"elementor-element elementor-element-929f7dc elementor-widget elementor-widget-text-editor\" data-id=\"929f7dc\" data-element_type=\"widget\" data-e-type=\"widget\" data-widget_type=\"text-editor.default\">\n\t\t\t\t<div class=\"elementor-widget-container\">\n\t\t\t\t\t\t\t\t\t<ul><li><p><span style=\"color: #fbc53c;\"><b>Collarets:<\/b><\/span> en els darrers anys, la tecnologia ha irromput al sector ramader a trav\u00e9s de collarets de geolocalitzaci\u00f3 i collarets de tanca virtual. Tots dos models serveixen per controlar i monitoritzar el bestiar, per\u00f2 presenten caracter\u00edstiques i funcions que els diferencien: <\/p><\/li><\/ul>\t\t\t\t\t\t\t\t<\/div>\n\t\t\t\t<\/div>\n\t\t\t\t\t<\/div>\n\t\t<\/div>\n\t\t\t\t\t<\/div>\n\t\t<\/section>\n\t\t\t\t<section class=\"has_eae_slider elementor-section elementor-top-section elementor-element elementor-element-ff20187 elementor-section-full_width elementor-section-height-default elementor-section-height-default\" data-eae-slider=\"74072\" data-id=\"ff20187\" data-element_type=\"section\" data-e-type=\"section\">\n\t\t\t\t\t\t<div class=\"elementor-container elementor-column-gap-default\">\n\t\t\t\t\t<div class=\"has_eae_slider elementor-column elementor-col-50 elementor-top-column elementor-element elementor-element-f760f1f\" data-eae-slider=\"28518\" data-id=\"f760f1f\" data-element_type=\"column\" data-e-type=\"column\">\n\t\t\t<div class=\"elementor-widget-wrap elementor-element-populated\">\n\t\t\t\t\t\t<div class=\"elementor-element elementor-element-cc1f425 elementor-widget elementor-widget-image\" data-id=\"cc1f425\" data-element_type=\"widget\" data-e-type=\"widget\" data-widget_type=\"image.default\">\n\t\t\t\t<div class=\"elementor-widget-container\">\n\t\t\t\t\t\t\t\t\t\t\t\t\t\t\t<img loading=\"lazy\" decoding=\"async\" width=\"580\" height=\"387\" src=\"https:\/\/www.hepic-hub.org\/wp-content\/uploads\/2025\/06\/DSC1912-768x512.jpg\" class=\"attachment-medium_large size-medium_large wp-image-5199\" alt=\"\" srcset=\"https:\/\/www.hepic-hub.org\/wp-content\/uploads\/2025\/06\/DSC1912-768x512.jpg 768w, https:\/\/www.hepic-hub.org\/wp-content\/uploads\/2025\/06\/DSC1912-300x200.jpg 300w, https:\/\/www.hepic-hub.org\/wp-content\/uploads\/2025\/06\/DSC1912-1024x683.jpg 1024w, https:\/\/www.hepic-hub.org\/wp-content\/uploads\/2025\/06\/DSC1912-1536x1024.jpg 1536w, https:\/\/www.hepic-hub.org\/wp-content\/uploads\/2025\/06\/DSC1912-2048x1365.jpg 2048w, https:\/\/www.hepic-hub.org\/wp-content\/uploads\/2025\/06\/DSC1912-1200x800.jpg 1200w, https:\/\/www.hepic-hub.org\/wp-content\/uploads\/2025\/06\/DSC1912-1980x1320.jpg 1980w\" sizes=\"(max-width: 580px) 100vw, 580px\" \/>\t\t\t\t\t\t\t\t\t\t\t\t\t\t\t<\/div>\n\t\t\t\t<\/div>\n\t\t\t\t<div class=\"elementor-element elementor-element-b6a8f45 elementor-widget elementor-widget-heading\" data-id=\"b6a8f45\" data-element_type=\"widget\" data-e-type=\"widget\" data-widget_type=\"heading.default\">\n\t\t\t\t<div class=\"elementor-widget-container\">\n\t\t\t\t\t<h6 class=\"elementor-heading-title elementor-size-default\">Collarets de geolocalitzaci\u00f3<\/h6>\t\t\t\t<\/div>\n\t\t\t\t<\/div>\n\t\t\t\t<div class=\"elementor-element elementor-element-3b6ca04 elementor-widget elementor-widget-text-editor\" data-id=\"3b6ca04\" data-element_type=\"widget\" data-e-type=\"widget\" data-widget_type=\"text-editor.default\">\n\t\t\t\t<div class=\"elementor-widget-container\">\n\t\t\t\t\t\t\t\t\t<p>Utilitzen la tecnologia per monitoritzar en temps real la ubicaci\u00f3 dels animals i permeten con\u00e8ixer amb precisi\u00f3 els moviments i comportaments del bestiar, millorant aix\u00ed la gesti\u00f3 del ramat.<\/p><ul><li><p>Faciliten saber en tot moment on es troben els animals, fins i tot quan s\u00f3n a alta muntanya.  <\/p><\/li><li><p>Redueixen el temps dedicat a despla\u00e7aments per supervisar el ramat.<\/p><\/li><li><p>Alerten de comportaments inusuals del bestiar, cosa que ajuda els pastors i ramaders a detectar possibles malalties. Aix\u00f2 contribueix a reduir la mortalitat i millorar el benestar dels animals.   <\/p><\/li><\/ul>\t\t\t\t\t\t\t\t<\/div>\n\t\t\t\t<\/div>\n\t\t\t\t\t<\/div>\n\t\t<\/div>\n\t\t\t\t<div class=\"has_eae_slider elementor-column elementor-col-50 elementor-top-column elementor-element elementor-element-cf1d43a\" data-eae-slider=\"67236\" data-id=\"cf1d43a\" data-element_type=\"column\" data-e-type=\"column\">\n\t\t\t<div class=\"elementor-widget-wrap elementor-element-populated\">\n\t\t\t\t\t\t<div class=\"elementor-element elementor-element-42761cd elementor-widget elementor-widget-image\" data-id=\"42761cd\" data-element_type=\"widget\" data-e-type=\"widget\" data-widget_type=\"image.default\">\n\t\t\t\t<div class=\"elementor-widget-container\">\n\t\t\t\t\t\t\t\t\t\t\t\t\t\t\t<img loading=\"lazy\" decoding=\"async\" width=\"580\" height=\"387\" src=\"https:\/\/www.hepic-hub.org\/wp-content\/uploads\/2025\/06\/DSC0604-768x512-1.jpg\" class=\"attachment-medium_large size-medium_large wp-image-5241\" alt=\"\" srcset=\"https:\/\/www.hepic-hub.org\/wp-content\/uploads\/2025\/06\/DSC0604-768x512-1.jpg 768w, https:\/\/www.hepic-hub.org\/wp-content\/uploads\/2025\/06\/DSC0604-768x512-1-300x200.jpg 300w\" sizes=\"(max-width: 580px) 100vw, 580px\" \/>\t\t\t\t\t\t\t\t\t\t\t\t\t\t\t<\/div>\n\t\t\t\t<\/div>\n\t\t\t\t<div class=\"elementor-element elementor-element-00a9753 elementor-widget elementor-widget-heading\" data-id=\"00a9753\" data-element_type=\"widget\" data-e-type=\"widget\" data-widget_type=\"heading.default\">\n\t\t\t\t<div class=\"elementor-widget-container\">\n\t\t\t\t\t<h6 class=\"elementor-heading-title elementor-size-default\">Collarets de tanca virtual<\/h6>\t\t\t\t<\/div>\n\t\t\t\t<\/div>\n\t\t\t\t<div class=\"elementor-element elementor-element-0bf4bb3 elementor-widget elementor-widget-text-editor\" data-id=\"0bf4bb3\" data-element_type=\"widget\" data-e-type=\"widget\" data-widget_type=\"text-editor.default\">\n\t\t\t\t<div class=\"elementor-widget-container\">\n\t\t\t\t\t\t\t\t\t<p>Els collarets de tanca virtual ofereixen una alternativa innovadora als tancats f\u00edsics tradicionals, ja que permeten establir l\u00edmits virtuals per als animals a trav\u00e9s d&#8217;una aplicaci\u00f3 m\u00f2bil. Aquests dispositius ajuden a con\u00e8ixer la ubicaci\u00f3 del bestiar i, alhora, emeten alertes quan els animals sobrepassen les zones delimitades, facilitant la gesti\u00f3 i ajustament de les \u00e0rees de pasturatge de manera senzilla.   <\/p><ul><li><p>Faciliten saber en tot moment on es troben els animals.<\/p><\/li><li><p>Redueixen el temps dedicat a localitzar el bestiar i tancar una finca.<\/p><\/li><li><p>Eliminen la necessitat d&#8217;instal\u00b7lar tanques f\u00edsiques, cosa que redueix l&#8217;impacte visual i ambiental.<\/p><\/li><\/ul>\t\t\t\t\t\t\t\t<\/div>\n\t\t\t\t<\/div>\n\t\t\t\t\t<\/div>\n\t\t<\/div>\n\t\t\t\t\t<\/div>\n\t\t<\/section>\n\t\t\t\t<section class=\"has_eae_slider elementor-section elementor-top-section elementor-element elementor-element-ba3cf88 elementor-section-stretched elementor-section-boxed elementor-section-height-default elementor-section-height-default\" data-eae-slider=\"56074\" data-id=\"ba3cf88\" data-element_type=\"section\" data-e-type=\"section\" data-settings=\"{&quot;stretch_section&quot;:&quot;section-stretched&quot;}\">\n\t\t\t\t\t\t<div class=\"elementor-container elementor-column-gap-default\">\n\t\t\t\t\t<div class=\"has_eae_slider elementor-column elementor-col-100 elementor-top-column elementor-element elementor-element-4c92b29\" data-eae-slider=\"40310\" data-id=\"4c92b29\" data-element_type=\"column\" data-e-type=\"column\">\n\t\t\t<div class=\"elementor-widget-wrap elementor-element-populated\">\n\t\t\t\t\t\t<div class=\"elementor-element elementor-element-a0fbab1 elementor-widget elementor-widget-text-editor\" data-id=\"a0fbab1\" data-element_type=\"widget\" data-e-type=\"widget\" data-widget_type=\"text-editor.default\">\n\t\t\t\t<div class=\"elementor-widget-container\">\n\t\t\t\t\t\t\t\t\t<ul><li><p><span style=\"color: #fbc53c;\"><b>Besson digital:<\/b><\/span> elaborar un bess\u00f3 digital del projecte amb la recol\u00b7lecci\u00f3 i an\u00e0lisi de totes les dades del comportament dels animals i del seu impacte al medi, per despr\u00e9s fer una representaci\u00f3 virtual. Amb la qual, poder simular, a trav\u00e9s de <i>machine learning<\/i> , aquest mateix sistema de comportament i ajudar en la presa de decisions eficients i facilitar la replicabilitat del projecte en altres entorns. <\/p><\/li><\/ul>\t\t\t\t\t\t\t\t<\/div>\n\t\t\t\t<\/div>\n\t\t\t\t\t<\/div>\n\t\t<\/div>\n\t\t\t\t\t<\/div>\n\t\t<\/section>\n\t\t\t\t<section class=\"has_eae_slider elementor-section elementor-top-section elementor-element elementor-element-eb271c5 elementor-section-stretched elementor-section-boxed elementor-section-height-default elementor-section-height-default\" data-eae-slider=\"11951\" data-id=\"eb271c5\" data-element_type=\"section\" data-e-type=\"section\" data-settings=\"{&quot;stretch_section&quot;:&quot;section-stretched&quot;}\">\n\t\t\t\t\t\t<div class=\"elementor-container elementor-column-gap-default\">\n\t\t\t\t\t<div class=\"has_eae_slider elementor-column elementor-col-100 elementor-top-column elementor-element elementor-element-7739a2d\" data-eae-slider=\"67900\" data-id=\"7739a2d\" data-element_type=\"column\" data-e-type=\"column\">\n\t\t\t<div class=\"elementor-widget-wrap elementor-element-populated\">\n\t\t\t\t\t\t<div class=\"elementor-element elementor-element-97b65e1 elementor-widget elementor-widget-text-editor\" data-id=\"97b65e1\" data-element_type=\"widget\" data-e-type=\"widget\" data-widget_type=\"text-editor.default\">\n\t\t\t\t<div class=\"elementor-widget-container\">\n\t\t\t\t\t\t\t\t\t<p><b>4. PERSONES:<\/b><\/p>\t\t\t\t\t\t\t\t<\/div>\n\t\t\t\t<\/div>\n\t\t\t\t\t<\/div>\n\t\t<\/div>\n\t\t\t\t\t<\/div>\n\t\t<\/section>\n\t\t\t\t<section class=\"has_eae_slider elementor-section elementor-top-section elementor-element elementor-element-361dda4 elementor-section-stretched elementor-section-boxed elementor-section-height-default elementor-section-height-default\" data-eae-slider=\"95949\" data-id=\"361dda4\" data-element_type=\"section\" data-e-type=\"section\" data-settings=\"{&quot;stretch_section&quot;:&quot;section-stretched&quot;,&quot;background_background&quot;:&quot;classic&quot;}\">\n\t\t\t\t\t\t<div class=\"elementor-container elementor-column-gap-default\">\n\t\t\t\t\t<div class=\"has_eae_slider elementor-column elementor-col-100 elementor-top-column elementor-element elementor-element-241c121\" data-eae-slider=\"98946\" data-id=\"241c121\" data-element_type=\"column\" data-e-type=\"column\">\n\t\t\t<div class=\"elementor-widget-wrap\">\n\t\t\t\t\t\t\t<\/div>\n\t\t<\/div>\n\t\t\t\t\t<\/div>\n\t\t<\/section>\n\t\t\t\t<section class=\"has_eae_slider elementor-section elementor-top-section elementor-element elementor-element-48e7034 elementor-section-stretched elementor-section-boxed elementor-section-height-default elementor-section-height-default\" data-eae-slider=\"28786\" data-id=\"48e7034\" data-element_type=\"section\" data-e-type=\"section\" data-settings=\"{&quot;stretch_section&quot;:&quot;section-stretched&quot;}\">\n\t\t\t\t\t\t<div class=\"elementor-container elementor-column-gap-default\">\n\t\t\t\t\t<div class=\"has_eae_slider elementor-column elementor-col-100 elementor-top-column elementor-element elementor-element-99f982d\" data-eae-slider=\"91387\" data-id=\"99f982d\" data-element_type=\"column\" data-e-type=\"column\">\n\t\t\t<div class=\"elementor-widget-wrap elementor-element-populated\">\n\t\t\t\t\t\t<div class=\"elementor-element elementor-element-b4f18eb elementor-widget elementor-widget-text-editor\" data-id=\"b4f18eb\" data-element_type=\"widget\" data-e-type=\"widget\" data-widget_type=\"text-editor.default\">\n\t\t\t\t<div class=\"elementor-widget-container\">\n\t\t\t\t\t\t\t\t\t<p>Vilam\u00f2s \u00e9s un petit poble <b>situat a 1.255 metres<\/b> d&#8217;altitud i en estar <b>for\u00e7a a\u00efllat<\/b> per la seva orografia, ha <b>conservat gran part de la seva cultura i tradicions originals.<\/b><\/p><p>Tot i aix\u00f2, la disminuci\u00f3 de l&#8217;activitat ramadera ha provocat una p\u00e8rdua del coneixement ancestral sobre l&#8217;\u00fas del territori, el maneig dels animals i l&#8217;aprofitament m\u00e9s eficient i equilibrat dels recursos.  <\/p><p><b>Els pastors de Vilam\u00f3s<\/b> segueixen practicant la <b>transhum\u00e0ncia,<\/b> traslladant el ramat a pastures m\u00e9s altes durant els mesos d&#8217;estiu. Aquesta activitat no nom\u00e9s \u00e9s essencial per a la cura del bestiar, sin\u00f3 que tamb\u00e9 <b>contribueix a preservar la biodiversitat del territori.<\/b>  <\/p>\t\t\t\t\t\t\t\t<\/div>\n\t\t\t\t<\/div>\n\t\t\t\t\t<\/div>\n\t\t<\/div>\n\t\t\t\t\t<\/div>\n\t\t<\/section>\n\t\t\t\t<section class=\"has_eae_slider elementor-section elementor-top-section elementor-element elementor-element-5926ed6 elementor-section-stretched elementor-section-boxed elementor-section-height-default elementor-section-height-default\" data-eae-slider=\"50147\" data-id=\"5926ed6\" data-element_type=\"section\" data-e-type=\"section\" data-settings=\"{&quot;stretch_section&quot;:&quot;section-stretched&quot;,&quot;background_background&quot;:&quot;classic&quot;}\">\n\t\t\t\t\t\t<div class=\"elementor-container elementor-column-gap-default\">\n\t\t\t\t\t<div class=\"has_eae_slider elementor-column elementor-col-100 elementor-top-column elementor-element elementor-element-11cedf5\" data-eae-slider=\"80421\" data-id=\"11cedf5\" data-element_type=\"column\" data-e-type=\"column\">\n\t\t\t<div class=\"elementor-widget-wrap\">\n\t\t\t\t\t\t\t<\/div>\n\t\t<\/div>\n\t\t\t\t\t<\/div>\n\t\t<\/section>\n\t\t\t\t<section class=\"has_eae_slider elementor-section elementor-top-section elementor-element elementor-element-e8f10f9 elementor-section-stretched elementor-section-boxed elementor-section-height-default elementor-section-height-default\" data-eae-slider=\"40474\" data-id=\"e8f10f9\" data-element_type=\"section\" data-e-type=\"section\" data-settings=\"{&quot;stretch_section&quot;:&quot;section-stretched&quot;}\">\n\t\t\t\t\t\t<div class=\"elementor-container elementor-column-gap-default\">\n\t\t\t\t\t<div class=\"has_eae_slider elementor-column elementor-col-100 elementor-top-column elementor-element elementor-element-c4c0766\" data-eae-slider=\"98229\" data-id=\"c4c0766\" data-element_type=\"column\" data-e-type=\"column\">\n\t\t\t<div class=\"elementor-widget-wrap elementor-element-populated\">\n\t\t\t\t\t\t<div class=\"elementor-element elementor-element-06109b3 elementor-widget elementor-widget-text-editor\" data-id=\"06109b3\" data-element_type=\"widget\" data-e-type=\"widget\" data-widget_type=\"text-editor.default\">\n\t\t\t\t<div class=\"elementor-widget-container\">\n\t\t\t\t\t\t\t\t\t<p>A <b>OVIHUEC<\/b> volem <b>recuperar i implementar el coneixement<\/b> sobre ramaderia extensiva heretat que compta <b>amb segles de saviesa<\/b> al nostre territori a trav\u00e9s de la <b>recollida de testimonis<\/b> sobre pr\u00e0ctiques ramaderes.<\/p><p>Alhora, es promou l&#8217; <b>intercanvi d&#8217;experi\u00e8ncies entre ramaders<\/b> de diferents generacions mitjan\u00e7ant l&#8217;acompanyament en trobades entre personal ramader de diferents zones i generacions.<\/p>\t\t\t\t\t\t\t\t<\/div>\n\t\t\t\t<\/div>\n\t\t\t\t\t<\/div>\n\t\t<\/div>\n\t\t\t\t\t<\/div>\n\t\t<\/section>\n\t\t\t\t<section class=\"has_eae_slider elementor-section elementor-top-section elementor-element elementor-element-a7961fe elementor-section-stretched elementor-section-boxed elementor-section-height-default elementor-section-height-default\" data-eae-slider=\"88188\" data-id=\"a7961fe\" data-element_type=\"section\" data-e-type=\"section\" data-settings=\"{&quot;stretch_section&quot;:&quot;section-stretched&quot;}\">\n\t\t\t\t\t\t<div class=\"elementor-container elementor-column-gap-default\">\n\t\t\t\t\t<div class=\"has_eae_slider elementor-column elementor-col-100 elementor-top-column elementor-element elementor-element-556f28e\" data-eae-slider=\"16589\" data-id=\"556f28e\" data-element_type=\"column\" data-e-type=\"column\">\n\t\t\t<div class=\"elementor-widget-wrap elementor-element-populated\">\n\t\t\t\t\t\t<div class=\"elementor-element elementor-element-e36d5a2 elementor-widget elementor-widget-text-editor\" data-id=\"e36d5a2\" data-element_type=\"widget\" data-e-type=\"widget\" data-widget_type=\"text-editor.default\">\n\t\t\t\t<div class=\"elementor-widget-container\">\n\t\t\t\t\t\t\t\t\t<p><b>5. PRODUCTE:<\/b><\/p>\t\t\t\t\t\t\t\t<\/div>\n\t\t\t\t<\/div>\n\t\t\t\t<div class=\"elementor-element elementor-element-c7beae4 elementor-widget elementor-widget-text-editor\" data-id=\"c7beae4\" data-element_type=\"widget\" data-e-type=\"widget\" data-widget_type=\"text-editor.default\">\n\t\t\t\t<div class=\"elementor-widget-container\">\n\t\t\t\t\t\t\t\t\t<p>Explorar vies de valoraci\u00f3 i <b>comercialitzaci\u00f3 del producte carni i lacti obtingut de les ovelles i les cabres,<\/b> per avaluar-ne la viabilitat econ\u00f2mica i ampliar la cadena de valor agroaliment\u00e0ria a la Val d&#8217;Aran, i en un futur, <b>promoure la diversificaci\u00f3 econ\u00f2mica.<\/b><\/p>\t\t\t\t\t\t\t\t<\/div>\n\t\t\t\t<\/div>\n\t\t\t\t\t<\/div>\n\t\t<\/div>\n\t\t\t\t\t<\/div>\n\t\t<\/section>\n\t\t\t\t<section class=\"has_eae_slider elementor-section elementor-top-section elementor-element elementor-element-670c941 elementor-section-stretched elementor-section-boxed elementor-section-height-default elementor-section-height-default\" data-eae-slider=\"58377\" data-id=\"670c941\" data-element_type=\"section\" data-e-type=\"section\" data-settings=\"{&quot;stretch_section&quot;:&quot;section-stretched&quot;,&quot;background_background&quot;:&quot;classic&quot;}\">\n\t\t\t\t\t\t<div class=\"elementor-container elementor-column-gap-default\">\n\t\t\t\t\t<div class=\"has_eae_slider elementor-column elementor-col-100 elementor-top-column elementor-element elementor-element-ca401c9\" data-eae-slider=\"80452\" data-id=\"ca401c9\" data-element_type=\"column\" data-e-type=\"column\">\n\t\t\t<div class=\"elementor-widget-wrap\">\n\t\t\t\t\t\t\t<\/div>\n\t\t<\/div>\n\t\t\t\t\t<\/div>\n\t\t<\/section>\n\t\t\t\t<section class=\"has_eae_slider elementor-section elementor-top-section elementor-element elementor-element-0d2f6c4 elementor-section-stretched elementor-section-boxed elementor-section-height-default elementor-section-height-default\" data-eae-slider=\"98309\" data-id=\"0d2f6c4\" data-element_type=\"section\" data-e-type=\"section\" data-settings=\"{&quot;stretch_section&quot;:&quot;section-stretched&quot;}\">\n\t\t\t\t\t\t<div class=\"elementor-container elementor-column-gap-default\">\n\t\t\t\t\t<div class=\"has_eae_slider elementor-column elementor-col-100 elementor-top-column elementor-element elementor-element-70d3e76\" data-eae-slider=\"49968\" data-id=\"70d3e76\" data-element_type=\"column\" data-e-type=\"column\">\n\t\t\t<div class=\"elementor-widget-wrap elementor-element-populated\">\n\t\t\t\t\t\t<div class=\"elementor-element elementor-element-9e0fe4d elementor-widget elementor-widget-text-editor\" data-id=\"9e0fe4d\" data-element_type=\"widget\" data-e-type=\"widget\" data-widget_type=\"text-editor.default\">\n\t\t\t\t<div class=\"elementor-widget-container\">\n\t\t\t\t\t\t\t\t\t<p><b>Estudiar el mercat potencial de productes carnis i l\u00e0ctics<\/b> obtinguts de les ovelles i les cabres d&#8217;Aran amb: an\u00e0lisi de casos d&#8217;estudi, grups focals amb usuaris i entrevistes a agents locals.<\/p><p>A m\u00e9s, s&#8217;han realitzat <b>tallers de cocreaci\u00f3<\/b> amb participants de diferents sectors socials de la Val d&#8217;Aran per imaginar una <b>possible marca<\/b> del producte derivat que <b>representi els valors del projecte i connecti amb la comunitat aranesa.<\/b><\/p>\t\t\t\t\t\t\t\t<\/div>\n\t\t\t\t<\/div>\n\t\t\t\t\t<\/div>\n\t\t<\/div>\n\t\t\t\t\t<\/div>\n\t\t<\/section>\n\t\t\t\t<section class=\"has_eae_slider elementor-section elementor-top-section elementor-element elementor-element-98aa8e5 elementor-section-stretched elementor-section-boxed elementor-section-height-default elementor-section-height-default\" data-eae-slider=\"64289\" data-id=\"98aa8e5\" data-element_type=\"section\" data-e-type=\"section\" data-settings=\"{&quot;stretch_section&quot;:&quot;section-stretched&quot;,&quot;background_background&quot;:&quot;classic&quot;}\">\n\t\t\t\t\t\t<div class=\"elementor-container elementor-column-gap-default\">\n\t\t\t\t\t<div class=\"has_eae_slider elementor-column elementor-col-100 elementor-top-column elementor-element elementor-element-1cab029\" data-eae-slider=\"20508\" data-id=\"1cab029\" data-element_type=\"column\" data-e-type=\"column\">\n\t\t\t<div class=\"elementor-widget-wrap elementor-element-populated\">\n\t\t\t\t\t\t<div class=\"elementor-element elementor-element-072070e elementor-widget elementor-widget-heading\" data-id=\"072070e\" data-element_type=\"widget\" data-e-type=\"widget\" data-widget_type=\"heading.default\">\n\t\t\t\t<div class=\"elementor-widget-container\">\n\t\t\t\t\t<h4 class=\"elementor-heading-title elementor-size-default\">ENTITATS PARTICIPANTS<\/h4>\t\t\t\t<\/div>\n\t\t\t\t<\/div>\n\t\t\t\t<div class=\"elementor-element elementor-element-fd2ad50 elementor-widget elementor-widget-menu-anchor\" data-id=\"fd2ad50\" data-element_type=\"widget\" data-e-type=\"widget\" data-widget_type=\"menu-anchor.default\">\n\t\t\t\t<div class=\"elementor-widget-container\">\n\t\t\t\t\t\t\t<div class=\"elementor-menu-anchor\" id=\"entidadesovi\"><\/div>\n\t\t\t\t\t\t<\/div>\n\t\t\t\t<\/div>\n\t\t\t\t<div class=\"elementor-element elementor-element-cbba8d8 elementor-widget elementor-widget-text-editor\" data-id=\"cbba8d8\" data-element_type=\"widget\" data-e-type=\"widget\" data-widget_type=\"text-editor.default\">\n\t\t\t\t<div class=\"elementor-widget-container\">\n\t\t\t\t\t\t\t\t\t<p><span style=\"color: #ffffff;\"><strong> <\/strong><\/span><span style=\"color: #ffffff;\"><strong>Aquest projecte est\u00e0 format per un consorci de 6 entitats<\/strong><\/span><\/p><p><span style=\"color: #ffffff;\"><strong>2 institucions p\u00fabliques:<\/strong><\/span><\/p>\t\t\t\t\t\t\t\t<\/div>\n\t\t\t\t<\/div>\n\t\t\t\t<section class=\"has_eae_slider elementor-section elementor-inner-section elementor-element elementor-element-df31999 elementor-section-boxed elementor-section-height-default elementor-section-height-default\" data-eae-slider=\"35914\" data-id=\"df31999\" data-element_type=\"section\" data-e-type=\"section\">\n\t\t\t\t\t\t<div class=\"elementor-container elementor-column-gap-default\">\n\t\t\t\t\t<div class=\"has_eae_slider elementor-column elementor-col-25 elementor-inner-column elementor-element elementor-element-7a0ac6a\" data-eae-slider=\"81624\" data-id=\"7a0ac6a\" data-element_type=\"column\" data-e-type=\"column\">\n\t\t\t<div class=\"elementor-widget-wrap\">\n\t\t\t\t\t\t\t<\/div>\n\t\t<\/div>\n\t\t\t\t<div class=\"has_eae_slider elementor-column elementor-col-25 elementor-inner-column elementor-element elementor-element-46fa5ec\" data-eae-slider=\"72119\" data-id=\"46fa5ec\" data-element_type=\"column\" data-e-type=\"column\">\n\t\t\t<div class=\"elementor-widget-wrap elementor-element-populated\">\n\t\t\t\t\t\t<div class=\"elementor-element elementor-element-9d5a617 elementor-widget elementor-widget-image\" data-id=\"9d5a617\" data-element_type=\"widget\" data-e-type=\"widget\" data-widget_type=\"image.default\">\n\t\t\t\t<div class=\"elementor-widget-container\">\n\t\t\t\t\t\t\t\t\t\t\t\t\t\t\t<img loading=\"lazy\" decoding=\"async\" width=\"580\" height=\"750\" src=\"https:\/\/www.hepic-hub.org\/wp-content\/uploads\/2025\/06\/Logo-Ajuntament-Vilamos-blanc-08-792x1024.png\" class=\"attachment-large size-large wp-image-5425\" alt=\"\" srcset=\"https:\/\/www.hepic-hub.org\/wp-content\/uploads\/2025\/06\/Logo-Ajuntament-Vilamos-blanc-08-792x1024.png 792w, https:\/\/www.hepic-hub.org\/wp-content\/uploads\/2025\/06\/Logo-Ajuntament-Vilamos-blanc-08-232x300.png 232w, https:\/\/www.hepic-hub.org\/wp-content\/uploads\/2025\/06\/Logo-Ajuntament-Vilamos-blanc-08-768x993.png 768w, https:\/\/www.hepic-hub.org\/wp-content\/uploads\/2025\/06\/Logo-Ajuntament-Vilamos-blanc-08-1188x1536.png 1188w, https:\/\/www.hepic-hub.org\/wp-content\/uploads\/2025\/06\/Logo-Ajuntament-Vilamos-blanc-08-1584x2048.png 1584w, https:\/\/www.hepic-hub.org\/wp-content\/uploads\/2025\/06\/Logo-Ajuntament-Vilamos-blanc-08-1200x1552.png 1200w, https:\/\/www.hepic-hub.org\/wp-content\/uploads\/2025\/06\/Logo-Ajuntament-Vilamos-blanc-08-1980x2561.png 1980w\" sizes=\"(max-width: 580px) 100vw, 580px\" \/>\t\t\t\t\t\t\t\t\t\t\t\t\t\t\t<\/div>\n\t\t\t\t<\/div>\n\t\t\t\t\t<\/div>\n\t\t<\/div>\n\t\t\t\t<div class=\"has_eae_slider elementor-column elementor-col-25 elementor-inner-column elementor-element elementor-element-0e84614\" data-eae-slider=\"25132\" data-id=\"0e84614\" data-element_type=\"column\" data-e-type=\"column\">\n\t\t\t<div class=\"elementor-widget-wrap elementor-element-populated\">\n\t\t\t\t\t\t<div class=\"elementor-element elementor-element-d2f9e3c elementor-widget elementor-widget-image\" data-id=\"d2f9e3c\" data-element_type=\"widget\" data-e-type=\"widget\" data-widget_type=\"image.default\">\n\t\t\t\t<div class=\"elementor-widget-container\">\n\t\t\t\t\t\t\t\t\t\t\t\t\t\t\t<img loading=\"lazy\" decoding=\"async\" width=\"510\" height=\"852\" src=\"https:\/\/www.hepic-hub.org\/wp-content\/uploads\/2025\/06\/Logo-verticau-vectorizat-monocromo-blanc.png\" class=\"attachment-large size-large wp-image-5572\" alt=\"\" srcset=\"https:\/\/www.hepic-hub.org\/wp-content\/uploads\/2025\/06\/Logo-verticau-vectorizat-monocromo-blanc.png 510w, https:\/\/www.hepic-hub.org\/wp-content\/uploads\/2025\/06\/Logo-verticau-vectorizat-monocromo-blanc-180x300.png 180w\" sizes=\"(max-width: 510px) 100vw, 510px\" \/>\t\t\t\t\t\t\t\t\t\t\t\t\t\t\t<\/div>\n\t\t\t\t<\/div>\n\t\t\t\t\t<\/div>\n\t\t<\/div>\n\t\t\t\t<div class=\"has_eae_slider elementor-column elementor-col-25 elementor-inner-column elementor-element elementor-element-b90e8f4\" data-eae-slider=\"39766\" data-id=\"b90e8f4\" data-element_type=\"column\" data-e-type=\"column\">\n\t\t\t<div class=\"elementor-widget-wrap\">\n\t\t\t\t\t\t\t<\/div>\n\t\t<\/div>\n\t\t\t\t\t<\/div>\n\t\t<\/section>\n\t\t\t\t<div class=\"elementor-element elementor-element-9bd8db1 elementor-widget elementor-widget-text-editor\" data-id=\"9bd8db1\" data-element_type=\"widget\" data-e-type=\"widget\" data-widget_type=\"text-editor.default\">\n\t\t\t\t<div class=\"elementor-widget-container\">\n\t\t\t\t\t\t\t\t\t<p><strong><span style=\"color: #ffffff;\">4 centres tecnol\u00f2gics i cient\u00edfics:<\/span><\/strong><\/p>\t\t\t\t\t\t\t\t<\/div>\n\t\t\t\t<\/div>\n\t\t\t\t<section class=\"has_eae_slider elementor-section elementor-inner-section elementor-element elementor-element-3717200 elementor-section-boxed elementor-section-height-default elementor-section-height-default\" data-eae-slider=\"21401\" data-id=\"3717200\" data-element_type=\"section\" data-e-type=\"section\">\n\t\t\t\t\t\t<div class=\"elementor-container elementor-column-gap-default\">\n\t\t\t\t\t<div class=\"has_eae_slider elementor-column elementor-col-25 elementor-inner-column elementor-element elementor-element-6182a70\" data-eae-slider=\"47004\" data-id=\"6182a70\" data-element_type=\"column\" data-e-type=\"column\">\n\t\t\t<div class=\"elementor-widget-wrap elementor-element-populated\">\n\t\t\t\t\t\t<div class=\"elementor-element elementor-element-544a00c elementor-widget elementor-widget-image\" data-id=\"544a00c\" data-element_type=\"widget\" data-e-type=\"widget\" data-widget_type=\"image.default\">\n\t\t\t\t<div class=\"elementor-widget-container\">\n\t\t\t\t\t\t\t\t\t\t\t\t\t\t\t<img loading=\"lazy\" decoding=\"async\" width=\"255\" height=\"197\" src=\"https:\/\/www.hepic-hub.org\/wp-content\/uploads\/2025\/06\/Logo_IRTA_vertical_blanc_CAT.png\" class=\"attachment-medium size-medium wp-image-5509\" alt=\"\" \/>\t\t\t\t\t\t\t\t\t\t\t\t\t\t\t<\/div>\n\t\t\t\t<\/div>\n\t\t\t\t\t<\/div>\n\t\t<\/div>\n\t\t\t\t<div class=\"has_eae_slider elementor-column elementor-col-25 elementor-inner-column elementor-element elementor-element-6c73811\" data-eae-slider=\"64739\" data-id=\"6c73811\" data-element_type=\"column\" data-e-type=\"column\">\n\t\t\t<div class=\"elementor-widget-wrap elementor-element-populated\">\n\t\t\t\t\t\t<div class=\"elementor-element elementor-element-b43e1c8 elementor-widget elementor-widget-image\" data-id=\"b43e1c8\" data-element_type=\"widget\" data-e-type=\"widget\" data-widget_type=\"image.default\">\n\t\t\t\t<div class=\"elementor-widget-container\">\n\t\t\t\t\t\t\t\t\t\t\t\t\t\t\t<img loading=\"lazy\" decoding=\"async\" width=\"300\" height=\"143\" src=\"https:\/\/www.hepic-hub.org\/wp-content\/uploads\/2025\/06\/Logo-CREDA_Mesa-de-trabajo-1-copia-300x143.png\" class=\"attachment-medium size-medium wp-image-5470\" alt=\"\" srcset=\"https:\/\/www.hepic-hub.org\/wp-content\/uploads\/2025\/06\/Logo-CREDA_Mesa-de-trabajo-1-copia-300x143.png 300w, https:\/\/www.hepic-hub.org\/wp-content\/uploads\/2025\/06\/Logo-CREDA_Mesa-de-trabajo-1-copia-1024x487.png 1024w, https:\/\/www.hepic-hub.org\/wp-content\/uploads\/2025\/06\/Logo-CREDA_Mesa-de-trabajo-1-copia-768x365.png 768w, https:\/\/www.hepic-hub.org\/wp-content\/uploads\/2025\/06\/Logo-CREDA_Mesa-de-trabajo-1-copia-1536x730.png 1536w, https:\/\/www.hepic-hub.org\/wp-content\/uploads\/2025\/06\/Logo-CREDA_Mesa-de-trabajo-1-copia-2048x973.png 2048w, https:\/\/www.hepic-hub.org\/wp-content\/uploads\/2025\/06\/Logo-CREDA_Mesa-de-trabajo-1-copia-1200x570.png 1200w, https:\/\/www.hepic-hub.org\/wp-content\/uploads\/2025\/06\/Logo-CREDA_Mesa-de-trabajo-1-copia-1980x941.png 1980w\" sizes=\"(max-width: 300px) 100vw, 300px\" \/>\t\t\t\t\t\t\t\t\t\t\t\t\t\t\t<\/div>\n\t\t\t\t<\/div>\n\t\t\t\t\t<\/div>\n\t\t<\/div>\n\t\t\t\t<div class=\"has_eae_slider elementor-column elementor-col-25 elementor-inner-column elementor-element elementor-element-d978712\" data-eae-slider=\"73720\" data-id=\"d978712\" data-element_type=\"column\" data-e-type=\"column\">\n\t\t\t<div class=\"elementor-widget-wrap elementor-element-populated\">\n\t\t\t\t\t\t<div class=\"elementor-element elementor-element-c11cffa elementor-widget elementor-widget-image\" data-id=\"c11cffa\" data-element_type=\"widget\" data-e-type=\"widget\" data-widget_type=\"image.default\">\n\t\t\t\t<div class=\"elementor-widget-container\">\n\t\t\t\t\t\t\t\t\t\t\t\t\t\t\t<img loading=\"lazy\" decoding=\"async\" width=\"300\" height=\"148\" src=\"https:\/\/www.hepic-hub.org\/wp-content\/uploads\/2025\/06\/logo_CTFC-300x148.png\" class=\"attachment-medium size-medium wp-image-5581\" alt=\"\" srcset=\"https:\/\/www.hepic-hub.org\/wp-content\/uploads\/2025\/06\/logo_CTFC-300x148.png 300w, https:\/\/www.hepic-hub.org\/wp-content\/uploads\/2025\/06\/logo_CTFC-768x380.png 768w, https:\/\/www.hepic-hub.org\/wp-content\/uploads\/2025\/06\/logo_CTFC.png 930w\" sizes=\"(max-width: 300px) 100vw, 300px\" \/>\t\t\t\t\t\t\t\t\t\t\t\t\t\t\t<\/div>\n\t\t\t\t<\/div>\n\t\t\t\t\t<\/div>\n\t\t<\/div>\n\t\t\t\t<div class=\"has_eae_slider elementor-column elementor-col-25 elementor-inner-column elementor-element elementor-element-0a34d80\" data-eae-slider=\"18918\" data-id=\"0a34d80\" data-element_type=\"column\" data-e-type=\"column\">\n\t\t\t<div class=\"elementor-widget-wrap elementor-element-populated\">\n\t\t\t\t\t\t<div class=\"elementor-element elementor-element-84f459a elementor-widget elementor-widget-image\" data-id=\"84f459a\" data-element_type=\"widget\" data-e-type=\"widget\" data-widget_type=\"image.default\">\n\t\t\t\t<div class=\"elementor-widget-container\">\n\t\t\t\t\t\t\t\t\t\t\t\t\t\t\t<img loading=\"lazy\" decoding=\"async\" width=\"300\" height=\"71\" src=\"https:\/\/www.hepic-hub.org\/wp-content\/uploads\/2025\/06\/LOGOCTICBLANCO-300x71.png\" class=\"attachment-medium size-medium wp-image-5482\" alt=\"\" srcset=\"https:\/\/www.hepic-hub.org\/wp-content\/uploads\/2025\/06\/LOGOCTICBLANCO-300x71.png 300w, https:\/\/www.hepic-hub.org\/wp-content\/uploads\/2025\/06\/LOGOCTICBLANCO.png 595w\" sizes=\"(max-width: 300px) 100vw, 300px\" \/>\t\t\t\t\t\t\t\t\t\t\t\t\t\t\t<\/div>\n\t\t\t\t<\/div>\n\t\t\t\t\t<\/div>\n\t\t<\/div>\n\t\t\t\t\t<\/div>\n\t\t<\/section>\n\t\t\t\t<div class=\"elementor-element elementor-element-3cdbbb0 elementor-widget elementor-widget-text-editor\" data-id=\"3cdbbb0\" data-element_type=\"widget\" data-e-type=\"widget\" data-widget_type=\"text-editor.default\">\n\t\t\t\t<div class=\"elementor-widget-container\">\n\t\t\t\t\t\t\t\t\t<p><span style=\"color: #ffffff;\"><b>El projecte OVIHUEC.DAT compta amb el suport de la Fundaci\u00f3 Biodiversitat del Ministeri per a la Transici\u00f3 Ecol\u00f2gica i el Repte Demogr\u00e0fic (MITECO) dins del Pla de Recuperaci\u00f3, Transformaci\u00f3 i Resili\u00e8ncia (PRTR), finan\u00e7at per la Uni\u00f3 Europea \u2013 Next Generation EU.<\/b><\/span><\/p>\t\t\t\t\t\t\t\t<\/div>\n\t\t\t\t<\/div>\n\t\t\t\t<section class=\"has_eae_slider elementor-section elementor-inner-section elementor-element elementor-element-c15ae77 elementor-section-boxed elementor-section-height-default elementor-section-height-default\" data-eae-slider=\"9453\" data-id=\"c15ae77\" data-element_type=\"section\" data-e-type=\"section\">\n\t\t\t\t\t\t<div class=\"elementor-container elementor-column-gap-default\">\n\t\t\t\t\t<div class=\"has_eae_slider elementor-column elementor-col-100 elementor-inner-column elementor-element elementor-element-abe305e\" data-eae-slider=\"69895\" data-id=\"abe305e\" data-element_type=\"column\" data-e-type=\"column\">\n\t\t\t<div class=\"elementor-widget-wrap elementor-element-populated\">\n\t\t\t\t\t\t<div class=\"elementor-element elementor-element-9eec781 elementor-widget elementor-widget-image\" data-id=\"9eec781\" data-element_type=\"widget\" data-e-type=\"widget\" data-widget_type=\"image.default\">\n\t\t\t\t<div class=\"elementor-widget-container\">\n\t\t\t\t\t\t\t\t\t\t\t\t\t\t\t<img loading=\"lazy\" decoding=\"async\" width=\"2940\" height=\"200\" src=\"https:\/\/www.hepic-hub.org\/wp-content\/uploads\/2025\/06\/Amb-banderes-blanc-PNG.png\" class=\"attachment-full size-full wp-image-5407\" alt=\"\" srcset=\"https:\/\/www.hepic-hub.org\/wp-content\/uploads\/2025\/06\/Amb-banderes-blanc-PNG.png 2940w, https:\/\/www.hepic-hub.org\/wp-content\/uploads\/2025\/06\/Amb-banderes-blanc-PNG-300x20.png 300w, https:\/\/www.hepic-hub.org\/wp-content\/uploads\/2025\/06\/Amb-banderes-blanc-PNG-1024x70.png 1024w, https:\/\/www.hepic-hub.org\/wp-content\/uploads\/2025\/06\/Amb-banderes-blanc-PNG-768x52.png 768w, https:\/\/www.hepic-hub.org\/wp-content\/uploads\/2025\/06\/Amb-banderes-blanc-PNG-1536x104.png 1536w, https:\/\/www.hepic-hub.org\/wp-content\/uploads\/2025\/06\/Amb-banderes-blanc-PNG-2048x139.png 2048w, https:\/\/www.hepic-hub.org\/wp-content\/uploads\/2025\/06\/Amb-banderes-blanc-PNG-1200x82.png 1200w, https:\/\/www.hepic-hub.org\/wp-content\/uploads\/2025\/06\/Amb-banderes-blanc-PNG-1980x135.png 1980w\" sizes=\"(max-width: 2940px) 100vw, 2940px\" \/>\t\t\t\t\t\t\t\t\t\t\t\t\t\t\t<\/div>\n\t\t\t\t<\/div>\n\t\t\t\t\t<\/div>\n\t\t<\/div>\n\t\t\t\t\t<\/div>\n\t\t<\/section>\n\t\t\t\t\t<\/div>\n\t\t<\/div>\n\t\t\t\t\t<\/div>\n\t\t<\/section>\n\t\t\t\t<\/div>\n\t\t","protected":false},"excerpt":{"rendered":"<p>EL PROJECTE Ovihuec \u00e9s un projecte pilot innovador que t\u00e9 com a prop\u00f2sit transformar la gesti\u00f3 dels paisatges a trav\u00e9s de la creaci\u00f3 d&#8217;una ramat ov\u00ed i capr\u00ed de titularitat&#8230;<\/p>\n","protected":false},"author":124,"featured_media":0,"parent":0,"menu_order":0,"comment_status":"closed","ping_status":"closed","template":"","meta":{"inline_featured_image":false,"footnotes":""},"class_list":["post-6107","page","type-page","status-publish","hentry"],"_links":{"self":[{"href":"https:\/\/www.hepic-hub.org\/ca\/wp-json\/wp\/v2\/pages\/6107","targetHints":{"allow":["GET"]}}],"collection":[{"href":"https:\/\/www.hepic-hub.org\/ca\/wp-json\/wp\/v2\/pages"}],"about":[{"href":"https:\/\/www.hepic-hub.org\/ca\/wp-json\/wp\/v2\/types\/page"}],"author":[{"embeddable":true,"href":"https:\/\/www.hepic-hub.org\/ca\/wp-json\/wp\/v2\/users\/124"}],"replies":[{"embeddable":true,"href":"https:\/\/www.hepic-hub.org\/ca\/wp-json\/wp\/v2\/comments?post=6107"}],"version-history":[{"count":3,"href":"https:\/\/www.hepic-hub.org\/ca\/wp-json\/wp\/v2\/pages\/6107\/revisions"}],"predecessor-version":[{"id":6506,"href":"https:\/\/www.hepic-hub.org\/ca\/wp-json\/wp\/v2\/pages\/6107\/revisions\/6506"}],"wp:attachment":[{"href":"https:\/\/www.hepic-hub.org\/ca\/wp-json\/wp\/v2\/media?parent=6107"}],"curies":[{"name":"wp","href":"https:\/\/api.w.org\/{rel}","templated":true}]}}