{"id":1245,"date":"2021-06-15T13:39:47","date_gmt":"2021-06-15T13:39:47","guid":{"rendered":"https:\/\/www.hepic-hub.org\/sobre-nosaltres\/"},"modified":"2023-01-10T14:17:01","modified_gmt":"2023-01-10T13:17:01","slug":"sobre-nosaltres","status":"publish","type":"page","link":"https:\/\/www.hepic-hub.org\/ca\/sobre-nosaltres\/","title":{"rendered":"Sobre nosaltres"},"content":{"rendered":"\t\t<div data-elementor-type=\"wp-page\" data-elementor-id=\"1245\" class=\"elementor elementor-1245 elementor-378\" data-elementor-post-type=\"page\">\n\t\t\t\t\t\t<section class=\"has_eae_slider elementor-section elementor-top-section elementor-element elementor-element-51ca9cb elementor-section-boxed elementor-section-height-default elementor-section-height-default\" data-eae-slider=\"68270\" data-id=\"51ca9cb\" data-element_type=\"section\" data-e-type=\"section\">\n\t\t\t\t\t\t<div class=\"elementor-container elementor-column-gap-default\">\n\t\t\t\t\t<div class=\"has_eae_slider elementor-column elementor-col-100 elementor-top-column elementor-element elementor-element-f4872c7\" data-eae-slider=\"41602\" data-id=\"f4872c7\" data-element_type=\"column\" data-e-type=\"column\">\n\t\t\t<div class=\"elementor-widget-wrap elementor-element-populated\">\n\t\t\t\t\t\t<div class=\"elementor-element elementor-element-503cd24 elementor-widget elementor-widget-text-editor\" data-id=\"503cd24\" data-element_type=\"widget\" data-e-type=\"widget\" data-widget_type=\"text-editor.default\">\n\t\t\t\t<div class=\"elementor-widget-container\">\n\t\t\t\t\t\t\t\t\t<p>H\u00e8Pic \u00e9s el Hub d&#8217;innovaci\u00f3 per a la Val d\u00b4Aran i els territoris rurals de muntanya.\u202f Per tant, es configura com a ecosistema d&#8217;innovaci\u00f3 especialitzat en el medi rural i per als territoris de muntanya. Est\u00e0 impulsat pel Conselh Generau d\u2019Aran i neix a conseq\u00fc\u00e8ncia del proc\u00e9s d&#8217;innovaci\u00f3 i participaci\u00f3 social Aran Acci\u00f3 2020-2030.\u202f H\u00e8Pic neix amb vocaci\u00f3 de ser referent i treballar en xarxa amb altres iniciatives similars al medi rural, i d&#8217;aquesta manera, ser una eina transformadora de la Vall d&#8217;Aran, dels territoris de muntanya i del medi rural.<\/p><p>El prop\u00f2sit d&#8217;aquest Hub \u00e9s la diversificaci\u00f3 del model econ\u00f2mic dels territoris de muntanya a trav\u00e9s de la innovaci\u00f3, creant oportunitats i retorn econ\u00f2mic, a partir dels reptes actuals. Com a exemple, sense excloure altres sectors, abordarem projectes basats en: innovaci\u00f3 tur\u00edstica, esports, serveis a les persones, agricultura i ramaderia de muntanya, tecnologia, energia.<\/p><p><strong>Com s\u2019organitza H\u00e8Pic?<\/strong><\/p><p>H\u00e8Pic, com a ecosistema d\u2019innovaci\u00f3, integra tots els agents del territori. \u00c9s per aquest motiu que, d\u2019una banda, compta amb el treball de l\u2019Administraci\u00f3 P\u00fablica, qu\u00e8 \u00e9s qui guia i coordina els projectes d\u2019\u00e0mbit p\u00fablic. D\u2019una altra banda, per poder oferir serveis concrets i que responguin a les necessitats d\u2019empreses i de persones emprenedores, compta amb el treball de l\u2019<em>Associaci\u00f3 d\u2019Innovaci\u00f3 en Territoris de Muntanya<\/em>.<\/p>\t\t\t\t\t\t\t\t<\/div>\n\t\t\t\t<\/div>\n\t\t\t\t<div class=\"elementor-element elementor-element-e959eec elementor-widget elementor-widget-heading\" data-id=\"e959eec\" data-element_type=\"widget\" data-e-type=\"widget\" data-widget_type=\"heading.default\">\n\t\t\t\t<div class=\"elementor-widget-container\">\n\t\t\t\t\t<h2 class=\"elementor-heading-title elementor-size-default\"><p style=\"font-size: 18px;text-align: left;, sans-serif;font-weight: 400;letter-spacing: -0.27px;white-space: normal\"><span style=\"font-weight: 700\">Com es treballar\u00e0 a H\u00e8Pic?<\/span><\/p><span style=\", sans-serif;font-size: 18px;font-weight: 400;letter-spacing: -0.27px;white-space: normal\">A trav\u00e9s de 4 pilars:<\/span><\/h2>\t\t\t\t<\/div>\n\t\t\t\t<\/div>\n\t\t\t\t<section class=\"has_eae_slider elementor-section elementor-inner-section elementor-element elementor-element-3f72cae elementor-section-boxed elementor-section-height-default elementor-section-height-default\" data-eae-slider=\"87891\" data-id=\"3f72cae\" data-element_type=\"section\" data-e-type=\"section\">\n\t\t\t\t\t\t<div class=\"elementor-container elementor-column-gap-no\">\n\t\t\t\t\t<div class=\"has_eae_slider elementor-column elementor-col-50 elementor-inner-column elementor-element elementor-element-898d092\" data-eae-slider=\"16459\" data-id=\"898d092\" data-element_type=\"column\" data-e-type=\"column\">\n\t\t\t<div class=\"elementor-widget-wrap elementor-element-populated\">\n\t\t\t\t\t\t<div class=\"elementor-element elementor-element-c58199e elementor-flip-box--effect-push elementor-flip-box--direction-up elementor-widget elementor-widget-flip-box\" data-id=\"c58199e\" data-element_type=\"widget\" data-e-type=\"widget\" data-widget_type=\"flip-box.default\">\n\t\t\t\t<div class=\"elementor-widget-container\">\n\t\t\t\t\t\t\t<div class=\"elementor-flip-box\" tabindex=\"0\">\n\t\t\t<div class=\"elementor-flip-box__layer elementor-flip-box__front\">\n\t\t\t\t<div class=\"elementor-flip-box__layer__overlay\">\n\t\t\t\t\t<div class=\"elementor-flip-box__layer__inner\">\n\t\t\t\t\t\t\n\t\t\t\t\t\t\t\t\t\t\t\t\t<h3 class=\"elementor-flip-box__layer__title\">\n\t\t\t\t\t\t\t\tAGREGACI\u00d3\t\t\t\t\t\t\t<\/h3>\n\t\t\t\t\t\t\n\t\t\t\t\t\t\t\t\t\t\t<\/div>\n\t\t\t\t<\/div>\n\t\t\t<\/div>\n\t\t\t<div class=\"elementor-flip-box__layer elementor-flip-box__back\">\n\t\t\t<div class=\"elementor-flip-box__layer__overlay\">\n\t\t\t\t<div class=\"elementor-flip-box__layer__inner\">\n\t\t\t\t\t\n\t\t\t\t\t\t\t\t\t\t\t<div class=\"elementor-flip-box__layer__description\">\n\t\t\t\t\t\t\tEs tracta d'integrar a totes aquelles persones, administracions p\u00fabliques, emprenedors, empreses consolidades, grans empreses, joves amb inquietuds, majors amb experi\u00e8ncia, organitzacions del tercer sector a qualsevol que vulgui incorporar-se i alinear-se amb el prop\u00f2sit del Hub.\t\t\t\t\t\t<\/div>\n\t\t\t\t\t\n\t\t\t\t\t\t\t\t<\/div>\n\t\t<\/div>\n\t\t<\/div>\n\t\t<\/div>\n\t\t\t\t\t\t<\/div>\n\t\t\t\t<\/div>\n\t\t\t\t<div class=\"elementor-element elementor-element-05d223a elementor-flip-box--effect-push elementor-flip-box--direction-up elementor-widget elementor-widget-flip-box\" data-id=\"05d223a\" data-element_type=\"widget\" data-e-type=\"widget\" data-widget_type=\"flip-box.default\">\n\t\t\t\t<div class=\"elementor-widget-container\">\n\t\t\t\t\t\t\t<div class=\"elementor-flip-box\" tabindex=\"0\">\n\t\t\t<div class=\"elementor-flip-box__layer elementor-flip-box__front\">\n\t\t\t\t<div class=\"elementor-flip-box__layer__overlay\">\n\t\t\t\t\t<div class=\"elementor-flip-box__layer__inner\">\n\t\t\t\t\t\t\n\t\t\t\t\t\t\t\t\t\t\t\t\t<h3 class=\"elementor-flip-box__layer__title\">\n\t\t\t\t\t\t\t\tGENERACI\u00d3\t\t\t\t\t\t\t<\/h3>\n\t\t\t\t\t\t\n\t\t\t\t\t\t\t\t\t\t\t<\/div>\n\t\t\t\t<\/div>\n\t\t\t<\/div>\n\t\t\t<div class=\"elementor-flip-box__layer elementor-flip-box__back\">\n\t\t\t<div class=\"elementor-flip-box__layer__overlay\">\n\t\t\t\t<div class=\"elementor-flip-box__layer__inner\">\n\t\t\t\t\t\n\t\t\t\t\t\t\t\t\t\t\t<div class=\"elementor-flip-box__layer__description\">\n\t\t\t\t\t\t\tS\u00f3n els processos que sorgeixen una vegada que les persones i les organitzacions han estat ateses. S\u00f3n imprevisibles i poden ser molt diversos entre ells. Tots els processos que sorgeixin i s'aline\u00efn amb el prop\u00f2sit del Hub seran atesos.\t\t\t\t\t\t<\/div>\n\t\t\t\t\t\n\t\t\t\t\t\t\t\t<\/div>\n\t\t<\/div>\n\t\t<\/div>\n\t\t<\/div>\n\t\t\t\t\t\t<\/div>\n\t\t\t\t<\/div>\n\t\t\t\t\t<\/div>\n\t\t<\/div>\n\t\t\t\t<div class=\"has_eae_slider elementor-column elementor-col-50 elementor-inner-column elementor-element elementor-element-a546db4\" data-eae-slider=\"57024\" data-id=\"a546db4\" data-element_type=\"column\" data-e-type=\"column\">\n\t\t\t<div class=\"elementor-widget-wrap elementor-element-populated\">\n\t\t\t\t\t\t<div class=\"elementor-element elementor-element-1eea148 elementor-flip-box--effect-push elementor-flip-box--direction-up elementor-widget elementor-widget-flip-box\" data-id=\"1eea148\" data-element_type=\"widget\" data-e-type=\"widget\" data-widget_type=\"flip-box.default\">\n\t\t\t\t<div class=\"elementor-widget-container\">\n\t\t\t\t\t\t\t<div class=\"elementor-flip-box\" tabindex=\"0\">\n\t\t\t<div class=\"elementor-flip-box__layer elementor-flip-box__front\">\n\t\t\t\t<div class=\"elementor-flip-box__layer__overlay\">\n\t\t\t\t\t<div class=\"elementor-flip-box__layer__inner\">\n\t\t\t\t\t\t\n\t\t\t\t\t\t\t\t\t\t\t\t\t<h3 class=\"elementor-flip-box__layer__title\">\n\t\t\t\t\t\t\t\tFACILITACI\u00d3\t\t\t\t\t\t\t<\/h3>\n\t\t\t\t\t\t\n\t\t\t\t\t\t\t\t\t\t\t<\/div>\n\t\t\t\t<\/div>\n\t\t\t<\/div>\n\t\t\t<div class=\"elementor-flip-box__layer elementor-flip-box__back\">\n\t\t\t<div class=\"elementor-flip-box__layer__overlay\">\n\t\t\t\t<div class=\"elementor-flip-box__layer__inner\">\n\t\t\t\t\t\n\t\t\t\t\t\t\t\t\t\t\t<div class=\"elementor-flip-box__layer__description\">\n\t\t\t\t\t\t\tProporcionem formaci\u00f3, facilitaci\u00f3 d'equips, assessorament i cerca de finan\u00e7ament i una xarxa de contactes per a potenciar el desenvolupament de la seva idea o empresa. D'altra banda, tamb\u00e9 posem a la seva disposici\u00f3 un espai com\u00fa de treball en les nostres instal\u00b7lacions situades a Vielha.\t\t\t\t\t\t<\/div>\n\t\t\t\t\t\n\t\t\t\t\t\t\t\t<\/div>\n\t\t<\/div>\n\t\t<\/div>\n\t\t<\/div>\n\t\t\t\t\t\t<\/div>\n\t\t\t\t<\/div>\n\t\t\t\t<div class=\"elementor-element elementor-element-f0cd93f elementor-flip-box--effect-push elementor-flip-box--direction-up elementor-widget elementor-widget-flip-box\" data-id=\"f0cd93f\" data-element_type=\"widget\" data-e-type=\"widget\" data-widget_type=\"flip-box.default\">\n\t\t\t\t<div class=\"elementor-widget-container\">\n\t\t\t\t\t\t\t<div class=\"elementor-flip-box\" tabindex=\"0\">\n\t\t\t<div class=\"elementor-flip-box__layer elementor-flip-box__front\">\n\t\t\t\t<div class=\"elementor-flip-box__layer__overlay\">\n\t\t\t\t\t<div class=\"elementor-flip-box__layer__inner\">\n\t\t\t\t\t\t\n\t\t\t\t\t\t\t\t\t\t\t\t\t<h3 class=\"elementor-flip-box__layer__title\">\n\t\t\t\t\t\t\t\tCOMUNICACI\u00d3\t\t\t\t\t\t\t<\/h3>\n\t\t\t\t\t\t\n\t\t\t\t\t\t\t\t\t\t\t<\/div>\n\t\t\t\t<\/div>\n\t\t\t<\/div>\n\t\t\t<div class=\"elementor-flip-box__layer elementor-flip-box__back\">\n\t\t\t<div class=\"elementor-flip-box__layer__overlay\">\n\t\t\t\t<div class=\"elementor-flip-box__layer__inner\">\n\t\t\t\t\t\n\t\t\t\t\t\t\t\t\t\t\t<div class=\"elementor-flip-box__layer__description\">\n\t\t\t\t\t\t\t\u00c9s l'eina de connexi\u00f3 de tot l'ecosistema social i empresarial amb la resta de la societat. Posant especial focus en aquelles persones, empreses, institucions, organitzacions o recursos que puguin ser potencialment \u00fatils en funci\u00f3 del sector empresarial concret.\t\t\t\t\t\t<\/div>\n\t\t\t\t\t\n\t\t\t\t\t\t\t\t<\/div>\n\t\t<\/div>\n\t\t<\/div>\n\t\t<\/div>\n\t\t\t\t\t\t<\/div>\n\t\t\t\t<\/div>\n\t\t\t\t\t<\/div>\n\t\t<\/div>\n\t\t\t\t\t<\/div>\n\t\t<\/section>\n\t\t\t\t<div class=\"elementor-element elementor-element-89dd47d elementor-tabs-alignment-stretch elementor-tabs-view-horizontal elementor-widget elementor-widget-tabs\" data-id=\"89dd47d\" data-element_type=\"widget\" data-e-type=\"widget\" data-widget_type=\"tabs.default\">\n\t\t\t\t<div class=\"elementor-widget-container\">\n\t\t\t\t\t\t\t<div class=\"elementor-tabs\">\n\t\t\t<div class=\"elementor-tabs-wrapper\" role=\"tablist\" >\n\t\t\t\t\t\t\t\t\t<div id=\"elementor-tab-title-1441\" class=\"elementor-tab-title elementor-tab-desktop-title\" aria-selected=\"true\" data-tab=\"1\" role=\"tab\" tabindex=\"0\" aria-controls=\"elementor-tab-content-1441\" aria-expanded=\"false\">Missi\u00f3<\/div>\n\t\t\t\t\t\t\t\t\t<div id=\"elementor-tab-title-1442\" class=\"elementor-tab-title elementor-tab-desktop-title\" aria-selected=\"false\" data-tab=\"2\" role=\"tab\" tabindex=\"-1\" aria-controls=\"elementor-tab-content-1442\" aria-expanded=\"false\">Visi\u00f3<\/div>\n\t\t\t\t\t\t\t\t\t<div id=\"elementor-tab-title-1443\" class=\"elementor-tab-title elementor-tab-desktop-title\" aria-selected=\"false\" data-tab=\"3\" role=\"tab\" tabindex=\"-1\" aria-controls=\"elementor-tab-content-1443\" aria-expanded=\"false\">Valors<\/div>\n\t\t\t\t\t\t\t<\/div>\n\t\t\t<div class=\"elementor-tabs-content-wrapper\" role=\"tablist\" aria-orientation=\"vertical\">\n\t\t\t\t\t\t\t\t\t<div class=\"elementor-tab-title elementor-tab-mobile-title\" aria-selected=\"true\" data-tab=\"1\" role=\"tab\" tabindex=\"0\" aria-controls=\"elementor-tab-content-1441\" aria-expanded=\"false\">Missi\u00f3<\/div>\n\t\t\t\t\t<div id=\"elementor-tab-content-1441\" class=\"elementor-tab-content elementor-clearfix\" data-tab=\"1\" role=\"tabpanel\" aria-labelledby=\"elementor-tab-title-1441\" tabindex=\"0\" hidden=\"false\"><p>Som de muntanya, som rurals, per\u00f2 no som una moda o una destinaci\u00f3 tur\u00edstica, som molt m\u00e9s. I per aix\u00f2 mateix, el principal objectiu de H\u00e8Pic \u00e9s lluitar contra la deslocalitzaci\u00f3, \u00e9s a dir, aconseguir ser competitius des de les nostres belles i remotes muntanyes, i la desestacionalitzaci\u00f3, mantenir el nostre desenvolupament econ\u00f2mic durant tot l&#8217;any.<\/p>\n<p>Per a aconseguir aquests reptes, des de H\u00e8Pic volem afavorir la constituci\u00f3 de noves empreses que apostin per la innovaci\u00f3. I innovar implica trobar solucions noves i eficients per a transformar qualsevol sector o mercat. Sempre sota criteris de sostenibilitat per a preservar l&#8217;entorn que ens distingeix. Per tant, amb la inculcaci\u00f3 de la cultura de la innovaci\u00f3 busquem generar un major i millor ocupaci\u00f3 en territoris de muntanya i zones rurals.<strong>\u202f<\/strong><\/p>\n<\/div>\n\t\t\t\t\t\t\t\t\t<div class=\"elementor-tab-title elementor-tab-mobile-title\" aria-selected=\"false\" data-tab=\"2\" role=\"tab\" tabindex=\"-1\" aria-controls=\"elementor-tab-content-1442\" aria-expanded=\"false\">Visi\u00f3<\/div>\n\t\t\t\t\t<div id=\"elementor-tab-content-1442\" class=\"elementor-tab-content elementor-clearfix\" data-tab=\"2\" role=\"tabpanel\" aria-labelledby=\"elementor-tab-title-1442\" tabindex=\"0\" hidden=\"hidden\"><p>Som dels primers, per\u00f2 no volem ser els \u00fanics. Ens encanta compartir, i la nostra major aspiraci\u00f3 \u00e9s convertir-nos en el centre de refer\u00e8ncia de la innovaci\u00f3 en territoris de muntanya. Elaborant metodologies, productes i serveis amb base tecnol\u00f2gica, mediambiental, social i\/o cultural reprodu\u00efbles en territoris de caracter\u00edstiques similars.<\/p>\n<p>Som molt conscients del valor del nostre capital natural, hum\u00e0 i cultural. Treballem per a conservar-ho i perqu\u00e8 les nostres terres siguin un lloc f\u00e8rtil per a aconseguir els somnis, aspiracions i projectes de qualsevol que aposti per innovar.<\/p>\n<\/div>\n\t\t\t\t\t\t\t\t\t<div class=\"elementor-tab-title elementor-tab-mobile-title\" aria-selected=\"false\" data-tab=\"3\" role=\"tab\" tabindex=\"-1\" aria-controls=\"elementor-tab-content-1443\" aria-expanded=\"false\">Valors<\/div>\n\t\t\t\t\t<div id=\"elementor-tab-content-1443\" class=\"elementor-tab-content elementor-clearfix\" data-tab=\"3\" role=\"tabpanel\" aria-labelledby=\"elementor-tab-title-1443\" tabindex=\"0\" hidden=\"hidden\"><ol>\n<li>Sostenibilitat<\/li>\n<li>Innovaci\u00f3<\/li>\n<li>Responsabilitat Social i Mediambiental<\/li>\n<li>Resili\u00e8ncia<\/li>\n<li>Connectivitat<\/li>\n<\/ol>\n<\/div>\n\t\t\t\t\t\t\t<\/div>\n\t\t<\/div>\n\t\t\t\t\t\t<\/div>\n\t\t\t\t<\/div>\n\t\t\t\t\t<\/div>\n\t\t<\/div>\n\t\t\t\t\t<\/div>\n\t\t<\/section>\n\t\t\t\t<\/div>\n\t\t","protected":false},"excerpt":{"rendered":"<p>H\u00e8Pic \u00e9s el Hub d&#8217;innovaci\u00f3 per a la Val d\u00b4Aran i els territoris rurals de muntanya.\u202f Per tant, es configura com a ecosistema d&#8217;innovaci\u00f3 especialitzat en el medi rural i&#8230;<\/p>\n","protected":false},"author":6,"featured_media":6195,"parent":0,"menu_order":0,"comment_status":"closed","ping_status":"closed","template":"","meta":{"inline_featured_image":false,"footnotes":""},"class_list":["post-1245","page","type-page","status-publish","has-post-thumbnail","hentry"],"_links":{"self":[{"href":"https:\/\/www.hepic-hub.org\/ca\/wp-json\/wp\/v2\/pages\/1245","targetHints":{"allow":["GET"]}}],"collection":[{"href":"https:\/\/www.hepic-hub.org\/ca\/wp-json\/wp\/v2\/pages"}],"about":[{"href":"https:\/\/www.hepic-hub.org\/ca\/wp-json\/wp\/v2\/types\/page"}],"author":[{"embeddable":true,"href":"https:\/\/www.hepic-hub.org\/ca\/wp-json\/wp\/v2\/users\/6"}],"replies":[{"embeddable":true,"href":"https:\/\/www.hepic-hub.org\/ca\/wp-json\/wp\/v2\/comments?post=1245"}],"version-history":[{"count":13,"href":"https:\/\/www.hepic-hub.org\/ca\/wp-json\/wp\/v2\/pages\/1245\/revisions"}],"predecessor-version":[{"id":2278,"href":"https:\/\/www.hepic-hub.org\/ca\/wp-json\/wp\/v2\/pages\/1245\/revisions\/2278"}],"wp:featuredmedia":[{"embeddable":true,"href":"https:\/\/www.hepic-hub.org\/ca\/wp-json\/wp\/v2\/media\/6195"}],"wp:attachment":[{"href":"https:\/\/www.hepic-hub.org\/ca\/wp-json\/wp\/v2\/media?parent=1245"}],"curies":[{"name":"wp","href":"https:\/\/api.w.org\/{rel}","templated":true}]}}